{"id":49,"date":"2017-05-24T17:30:23","date_gmt":"2017-05-24T17:30:23","guid":{"rendered":"http:\/\/www.hoteleljisu.com\/index.php\/home\/"},"modified":"2026-04-23T10:20:01","modified_gmt":"2026-04-23T10:20:01","slug":"hotel-restaurante-el-jisu","status":"publish","type":"page","link":"https:\/\/www.hoteleljisu.com\/","title":{"rendered":"Hotel Restaurante El Jisu"},"content":{"rendered":"<p style=\"text-align: center;\"><span style=\"font-size: 38px; font-family: Satisfy; color: #339966;\">\u00a1Ven a disfrutar de Picos de Europa con nosotros!<\/span><\/p>\n\n\n<div class=\"wp-block-cover aligncenter is-light\"><span aria-hidden=\"true\" class=\"wp-block-cover__background has-background-dim\" style=\"background-color:#828692\"><\/span><img loading=\"lazy\" decoding=\"async\" width=\"800\" height=\"450\" class=\"wp-block-cover__image-background wp-image-2111\" alt=\"\" src=\"https:\/\/www.hoteleljisu.com\/wp-content\/uploads\/2026\/04\/PXCopy.png\" data-object-fit=\"cover\" srcset=\"https:\/\/www.hoteleljisu.com\/wp-content\/uploads\/2026\/04\/PXCopy.png 800w, https:\/\/www.hoteleljisu.com\/wp-content\/uploads\/2026\/04\/PXCopy-300x169.png 300w, https:\/\/www.hoteleljisu.com\/wp-content\/uploads\/2026\/04\/PXCopy-768x432.png 768w\" sizes=\"auto, (max-width: 800px) 100vw, 800px\" \/><div class=\"wp-block-cover__inner-container is-layout-flow wp-block-cover-is-layout-flow\">\n<div class=\"wp-block-group\"><div class=\"wp-block-group__inner-container is-layout-constrained wp-block-group-is-layout-constrained\">\n<p style=\"text-align: center;\"><span style=\"font-size: 22px; font-family: 'Lobster Two'; color: #ffffff;\">El Jisu es un hotel situado en plena naturaleza donde podr\u00e1s disfrutar de grandes momentos.<\/span><\/p>\n<\/div><\/div>\n<\/div><\/div>\n\n\n<h1 style=\"text-align: center;\">\u00a0<\/h1>\n<p style=\"text-align: center;\"><span style=\"font-size: 24px; font-family: Marcellus; color: #333300;\">El Jisu es una finca que se encuentra en <span style=\"font-size: 22px;\">Camale\u00f1o<\/span>, a medio camino entre Potes y el Telef\u00e9rico de Fuente D\u00e9.<\/span><\/p>\n<div class=\"su-spacer\" style=\"height:20px\"><\/div>\n<p style=\"text-align: center;\"><span style=\"font-family: Marcellus; font-size: 24px; color: #333300;\">La finca cuenta con Hotel con Sal\u00f3n, Restaurante, Jardines y Terrazas,\u00a0 y Piscina exterior.<\/span><\/p>\n<div class=\"su-image-carousel  su-image-carousel-columns-2 su-image-carousel-has-spacing su-image-carousel-crop su-image-carousel-crop-16-9 su-image-carousel-has-outline su-image-carousel-adaptive su-image-carousel-slides-style-default su-image-carousel-controls-style-dark su-image-carousel-align-center\" style=\"max-width:900px\" data-flickity-options='{\"groupCells\":true,\"cellSelector\":\".su-image-carousel-item\",\"adaptiveHeight\":false,\"cellAlign\":\"left\",\"prevNextButtons\":true,\"pageDots\":true,\"autoPlay\":4000,\"imagesLoaded\":true,\"contain\":true,\"selectedAttraction\":0.007,\"friction\":0.25}' id=\"su_image_carousel_69f5be53e6c67\"><div class=\"su-image-carousel-item\"><div class=\"su-image-carousel-item-content\"><a href=\"https:\/\/www.hoteleljisu.com\/wp-content\/uploads\/2026\/04\/PXCopy-27.png\" target=\"_blank\" rel=\"noopener noreferrer\" data-caption=\"\"><img loading=\"lazy\" decoding=\"async\" width=\"768\" height=\"576\" src=\"https:\/\/www.hoteleljisu.com\/wp-content\/uploads\/2026\/04\/PXCopy-27-768x576.png\" class=\"\" alt=\"\" srcset=\"https:\/\/www.hoteleljisu.com\/wp-content\/uploads\/2026\/04\/PXCopy-27-768x576.png 768w, https:\/\/www.hoteleljisu.com\/wp-content\/uploads\/2026\/04\/PXCopy-27-300x225.png 300w, https:\/\/www.hoteleljisu.com\/wp-content\/uploads\/2026\/04\/PXCopy-27.png 800w\" sizes=\"auto, (max-width: 768px) 100vw, 768px\" \/><\/a><\/div><\/div><div class=\"su-image-carousel-item\"><div class=\"su-image-carousel-item-content\"><a href=\"https:\/\/www.hoteleljisu.com\/wp-content\/uploads\/2026\/04\/PXCopy-10.png\" target=\"_blank\" rel=\"noopener noreferrer\" data-caption=\"\"><img loading=\"lazy\" decoding=\"async\" width=\"768\" height=\"511\" src=\"https:\/\/www.hoteleljisu.com\/wp-content\/uploads\/2026\/04\/PXCopy-10-768x511.png\" class=\"\" alt=\"\" srcset=\"https:\/\/www.hoteleljisu.com\/wp-content\/uploads\/2026\/04\/PXCopy-10-768x511.png 768w, https:\/\/www.hoteleljisu.com\/wp-content\/uploads\/2026\/04\/PXCopy-10-300x200.png 300w, https:\/\/www.hoteleljisu.com\/wp-content\/uploads\/2026\/04\/PXCopy-10.png 800w\" sizes=\"auto, (max-width: 768px) 100vw, 768px\" \/><\/a><\/div><\/div><div class=\"su-image-carousel-item\"><div class=\"su-image-carousel-item-content\"><a href=\"https:\/\/www.hoteleljisu.com\/wp-content\/uploads\/2025\/01\/WEB2-63.png\" target=\"_blank\" rel=\"noopener noreferrer\" data-caption=\"\"><img loading=\"lazy\" decoding=\"async\" width=\"707\" height=\"532\" src=\"https:\/\/www.hoteleljisu.com\/wp-content\/uploads\/2025\/01\/WEB2-63.png\" class=\"\" alt=\"Hotel Restaurante El Jisu Liebana Picos de Europa Bautizo Comui\u00f3n Boda Camale\u00f1o\" srcset=\"https:\/\/www.hoteleljisu.com\/wp-content\/uploads\/2025\/01\/WEB2-63.png 707w, https:\/\/www.hoteleljisu.com\/wp-content\/uploads\/2025\/01\/WEB2-63-300x226.png 300w\" sizes=\"auto, (max-width: 707px) 100vw, 707px\" \/><\/a><\/div><\/div><div class=\"su-image-carousel-item\"><div class=\"su-image-carousel-item-content\"><a href=\"https:\/\/www.hoteleljisu.com\/wp-content\/uploads\/2025\/01\/WEB-1-1-e1737996259370.png\" target=\"_blank\" rel=\"noopener noreferrer\" data-caption=\"\"><img loading=\"lazy\" decoding=\"async\" width=\"768\" height=\"511\" src=\"https:\/\/www.hoteleljisu.com\/wp-content\/uploads\/2025\/01\/WEB-1-1-768x511.png\" class=\"\" alt=\"\" srcset=\"https:\/\/www.hoteleljisu.com\/wp-content\/uploads\/2025\/01\/WEB-1-1-768x511.png 768w, https:\/\/www.hoteleljisu.com\/wp-content\/uploads\/2025\/01\/WEB-1-1-300x200.png 300w, https:\/\/www.hoteleljisu.com\/wp-content\/uploads\/2025\/01\/WEB-1-1-1024x681.png 1024w, https:\/\/www.hoteleljisu.com\/wp-content\/uploads\/2025\/01\/WEB-1-1-e1737996259370.png 800w\" sizes=\"auto, (max-width: 768px) 100vw, 768px\" \/><\/a><\/div><\/div><div class=\"su-image-carousel-item\"><div class=\"su-image-carousel-item-content\"><a href=\"https:\/\/www.hoteleljisu.com\/wp-content\/uploads\/2026\/04\/PXCopy-16.png\" target=\"_blank\" rel=\"noopener noreferrer\" data-caption=\"\"><img loading=\"lazy\" decoding=\"async\" width=\"768\" height=\"511\" src=\"https:\/\/www.hoteleljisu.com\/wp-content\/uploads\/2026\/04\/PXCopy-16-768x511.png\" class=\"\" alt=\"\" srcset=\"https:\/\/www.hoteleljisu.com\/wp-content\/uploads\/2026\/04\/PXCopy-16-768x511.png 768w, https:\/\/www.hoteleljisu.com\/wp-content\/uploads\/2026\/04\/PXCopy-16-300x200.png 300w, https:\/\/www.hoteleljisu.com\/wp-content\/uploads\/2026\/04\/PXCopy-16.png 800w\" sizes=\"auto, (max-width: 768px) 100vw, 768px\" \/><\/a><\/div><\/div><div class=\"su-image-carousel-item\"><div class=\"su-image-carousel-item-content\"><a href=\"https:\/\/www.hoteleljisu.com\/wp-content\/uploads\/2025\/01\/WEB2-83.png\" target=\"_blank\" rel=\"noopener noreferrer\" data-caption=\"\"><img loading=\"lazy\" decoding=\"async\" width=\"710\" height=\"532\" src=\"https:\/\/www.hoteleljisu.com\/wp-content\/uploads\/2025\/01\/WEB2-83.png\" class=\"\" alt=\"Hotel Restaurante El Jisu Liebana Picos de Europa Bautizo Comui\u00f3n Boda Camale\u00f1o\" srcset=\"https:\/\/www.hoteleljisu.com\/wp-content\/uploads\/2025\/01\/WEB2-83.png 710w, https:\/\/www.hoteleljisu.com\/wp-content\/uploads\/2025\/01\/WEB2-83-300x225.png 300w\" sizes=\"auto, (max-width: 710px) 100vw, 710px\" \/><\/a><\/div><\/div><\/div><script id=\"su_image_carousel_69f5be53e6c67_script\">if(window.SUImageCarousel){setTimeout(function() {window.SUImageCarousel.initGallery(document.getElementById(\"su_image_carousel_69f5be53e6c67\"))}, 0);}var su_image_carousel_69f5be53e6c67_script=document.getElementById(\"su_image_carousel_69f5be53e6c67_script\");if(su_image_carousel_69f5be53e6c67_script){su_image_carousel_69f5be53e6c67_script.parentNode.removeChild(su_image_carousel_69f5be53e6c67_script);}<\/script>\n<p>\u00a0<\/p>\n<p style=\"text-align: center;\"><span style=\"color: #339966; font-size: 37px; font-family: Satisfy;\">El Hotel<\/span><\/p>\n<p style=\"text-align: center;\"><span style=\"font-size: 24px; font-family: Marcellus; color: #333300;\">\u00a0 El Hotel de 3 estrellas est\u00e1 formado por 9 habitaciones con vistas a los Picos de Europa y resto de monta\u00f1as de Li\u00e9bana, <span style=\"font-family: 'book antiqua', palatino; font-size: 24px;\">8 Habitaciones Dobles y una Habitaci\u00f3n Doble Superior\u00a0 que cuenta con amplio sal\u00f3n.<\/span><\/span><\/p>\n<div class=\"su-spacer\" style=\"height:20px\"><\/div>\n<p style=\"text-align: center;\"><span style=\"font-family: Marcellus; font-size: 24px; color: #333300;\">Todas las habitaciones cuentan con ba\u00f1o privado, algunas de ellas con ducha y otras con ba\u00f1era, televisi\u00f3n de pantalla plana y un c\u00f3modo escritorio.<\/span><\/p>\n<p>\u00a0<\/p>\n<div class=\"su-custom-gallery su-custom-gallery-align-center su-custom-gallery-title-hover\"><div class=\"su-custom-gallery-slide\" style=\"width:260px;height:180px\"><a href=\"https:\/\/www.hoteleljisu.com\/wp-content\/uploads\/2026\/04\/PXCopy-21.png\" target=\"_blank\" title=\"% PX(Copy) (21)\"><img loading=\"lazy\" decoding=\"async\" src=\"https:\/\/www.hoteleljisu.com\/wp-content\/uploads\/2026\/04\/PXCopy-21-260x180.png\" alt=\"% PX(Copy) (21)\" width=\"260\" height=\"180\" \/><span class=\"su-custom-gallery-title\">% PX(Copy) (21)<\/span><\/a><\/div><div class=\"su-custom-gallery-slide\" style=\"width:260px;height:180px\"><a href=\"https:\/\/www.hoteleljisu.com\/wp-content\/uploads\/2026\/04\/PXCopy-22.png\" target=\"_blank\" title=\"% PX(Copy) (22)\"><img loading=\"lazy\" decoding=\"async\" src=\"https:\/\/www.hoteleljisu.com\/wp-content\/uploads\/2026\/04\/PXCopy-22-260x180.png\" alt=\"% PX(Copy) (22)\" width=\"260\" height=\"180\" \/><span class=\"su-custom-gallery-title\">% PX(Copy) (22)<\/span><\/a><\/div><div class=\"su-custom-gallery-slide\" style=\"width:260px;height:180px\"><a href=\"https:\/\/www.hoteleljisu.com\/wp-content\/uploads\/2025\/01\/WEB2-3.png\" target=\"_blank\" title=\"WEB2 (3)\"><img loading=\"lazy\" decoding=\"async\" src=\"https:\/\/www.hoteleljisu.com\/wp-content\/uploads\/2025\/01\/WEB2-3-260x180.png\" alt=\"WEB2 (3)\" width=\"260\" height=\"180\" \/><span class=\"su-custom-gallery-title\">WEB2 (3)<\/span><\/a><\/div><div class=\"su-custom-gallery-slide\" style=\"width:260px;height:180px\"><a href=\"https:\/\/www.hoteleljisu.com\/wp-content\/uploads\/2025\/01\/WEB-1-91.png\" target=\"_blank\" title=\"WEB 1 (91)\"><img loading=\"lazy\" decoding=\"async\" src=\"https:\/\/www.hoteleljisu.com\/wp-content\/uploads\/2025\/01\/WEB-1-91-260x180.png\" alt=\"WEB 1 (91)\" width=\"260\" height=\"180\" \/><span class=\"su-custom-gallery-title\">WEB 1 (91)<\/span><\/a><\/div><div class=\"su-clear\"><\/div><\/div>\n<p style=\"text-align: center;\"><span style=\"font-family: Marcellus; font-size: 24px; color: #333300;\">\u00a0<\/span><\/p>\n<p style=\"text-align: center;\"><span style=\"font-family: Marcellus; color: #333300;\"><span style=\"font-size: 24px;\">Los clientes alojados en el hotel tiene a su disposici\u00f3n un servicio de Cafeter\u00eda de 20:00 a 23:00 tanto en las Terrazas como en el Sal\u00f3n Social.<\/span><\/span><\/p>\n<div class=\"su-spacer\" style=\"height:20px\"><\/div>\n<p style=\"text-align: center;\"><span style=\"font-family: Marcellus; color: #333300;\"><span style=\"font-size: 24px;\">Adem\u00e1s tenemos 3 tipos de <a href=\"https:\/\/www.hoteleljisu.com\/index.php\/hotel-2\/\">Desayunos<\/a> de 08:30 a 10:30.<\/span><\/span><\/p>\n<div class=\"su-spacer\" style=\"height:20px\"><\/div>\n<div class=\"su-spacer\" style=\"height:20px\"><\/div>\n<p style=\"text-align: center;\"><span style=\"font-family: Marcellus; color: #333300;\"><span style=\"font-size: 24px;\"><span style=\"color: #339966; font-size: 37px; font-family: Satisfy;\">El Restaurante<\/span><\/span><\/span><\/p>\n<p>\u00a0<\/p>\n<p style=\"text-align: center;\"><span style=\"font-family: Marcellus; color: #333300; font-size: 24px;\">El Jisu ofrece una amplia variedad de platos de la cocina c\u00e1ntabra realizados con productos naturales y siempre que sea posible locales o de kilometro 0.<\/span><\/p>\n<div class=\"su-spacer\" style=\"height:20px\"><\/div>\n<p style=\"text-align: center;\"><span style=\"font-family: Marcellus; color: #333300; font-size: 24px;\">El Restaurante est\u00e1 abierto para los <em>clientes alojados<\/em> en el hotel todos los d\u00edas para el servicio de Cenas y si quieren comer en el hotel, pueden reservar mesa la noche anterior.\u00a0<\/span><\/p>\n<p>\u00a0<\/p>\n<ul>\n<li style=\"list-style-type: none;\">\n<ul>\n<li style=\"list-style-type: none;\">\n<ul>\n<li style=\"list-style-type: none;\">\n<ul>\n<li style=\"list-style-type: none;\">\n<ul>\n<li style=\"list-style-type: none;\">\n<ul>\n<li style=\"list-style-type: none;\">\n<ul>\n<li><span style=\"font-size: 21px; font-family: Marcellus; color: #333300;\"><span style=\"font-size: 24px;\">Comidas de 13:30h a 15:00h.<\/span><\/span><\/li>\n<li><div class=\"su-spacer\" style=\"height:20px\"><\/div><\/li>\n<li><span style=\"font-size: 21px; font-family: Marcellus; color: #333300;\"><span style=\"font-size: 24px;\">Cenas de 20:30h a 22:00h.<\/span><\/span><\/li>\n<\/ul>\n<\/li>\n<\/ul>\n<\/li>\n<\/ul>\n<\/li>\n<\/ul>\n<\/li>\n<\/ul>\n<\/li>\n<\/ul>\n<\/li>\n<\/ul>\n<div class=\"su-spacer\" style=\"height:20px\"><\/div>\n<p>\u00a0<\/p>\n<div class=\"su-custom-gallery su-custom-gallery-align-center su-custom-gallery-title-hover\"><div class=\"su-custom-gallery-slide\" style=\"width:250px;height:170px\"><a href=\"https:\/\/www.hoteleljisu.com\/wp-content\/uploads\/2025\/01\/WEB2-11.png\" target=\"_blank\" title=\"WEB2 (11)\"><img loading=\"lazy\" decoding=\"async\" src=\"https:\/\/www.hoteleljisu.com\/wp-content\/uploads\/2025\/01\/WEB2-11-250x170.png\" alt=\"WEB2 (11)\" width=\"250\" height=\"170\" \/><span class=\"su-custom-gallery-title\">WEB2 (11)<\/span><\/a><\/div><div class=\"su-custom-gallery-slide\" style=\"width:250px;height:170px\"><a href=\"https:\/\/www.hoteleljisu.com\/wp-content\/uploads\/2025\/01\/WEB-1-23.png\" target=\"_blank\" title=\"WEB 1 (23)\"><img loading=\"lazy\" decoding=\"async\" src=\"https:\/\/www.hoteleljisu.com\/wp-content\/uploads\/2025\/01\/WEB-1-23-250x170.png\" alt=\"WEB 1 (23)\" width=\"250\" height=\"170\" \/><span class=\"su-custom-gallery-title\">WEB 1 (23)<\/span><\/a><\/div><div class=\"su-custom-gallery-slide\" style=\"width:250px;height:170px\"><a href=\"https:\/\/www.hoteleljisu.com\/wp-content\/uploads\/2025\/01\/WEB2-44.png\" target=\"_blank\" title=\"WEB2 (44)\"><img loading=\"lazy\" decoding=\"async\" src=\"https:\/\/www.hoteleljisu.com\/wp-content\/uploads\/2025\/01\/WEB2-44-250x170.png\" alt=\"WEB2 (44)\" width=\"250\" height=\"170\" \/><span class=\"su-custom-gallery-title\">WEB2 (44)<\/span><\/a><\/div><div class=\"su-custom-gallery-slide\" style=\"width:250px;height:170px\"><a href=\"https:\/\/www.hoteleljisu.com\/wp-content\/uploads\/2025\/01\/WEB-1-5.png\" target=\"_blank\" title=\"WEB 1 (5)\"><img loading=\"lazy\" decoding=\"async\" src=\"https:\/\/www.hoteleljisu.com\/wp-content\/uploads\/2025\/01\/WEB-1-5-250x170.png\" alt=\"WEB 1 (5)\" width=\"250\" height=\"170\" \/><span class=\"su-custom-gallery-title\">WEB 1 (5)<\/span><\/a><\/div><div class=\"su-clear\"><\/div><\/div>\n\n\n<div class=\"su-spacer\" style=\"height:20px\"><\/div>\n\n\n<p><span style=\"font-family: Marcellus; color: #333300;\"><span style=\"font-size: 24px;\"><span style=\"color: #339966; font-size: 37px; font-family: Satisfy;\"><span style=\"font-size: 33px;\">Otros Servicios: Reuniones y Celebraciones<\/span><\/span><\/span><\/span><\/p>\n\n\n<div class=\"su-spacer\" style=\"height:20px\"><\/div>\n\n\n\n<div class=\"su-spacer\" style=\"height:20px\"><\/div>\n\n\n\n<div class=\"wp-block-media-text alignwide is-stacked-on-mobile\" style=\"grid-template-columns:30% auto\"><figure class=\"wp-block-media-text__media\"><a href=\"https:\/\/www.hoteleljisu.com\/index.php\/eventos-2\/\"><img loading=\"lazy\" decoding=\"async\" width=\"800\" height=\"450\" src=\"https:\/\/www.hoteleljisu.com\/wp-content\/uploads\/2025\/01\/WEB2-89.png\" alt=\"Hotel Restaurante El Jisu Liebana Picos de Europa Bautizo Comui\u00f3n Boda Camale\u00f1o\" class=\"wp-image-1896 size-full\" srcset=\"https:\/\/www.hoteleljisu.com\/wp-content\/uploads\/2025\/01\/WEB2-89.png 800w, https:\/\/www.hoteleljisu.com\/wp-content\/uploads\/2025\/01\/WEB2-89-300x169.png 300w, https:\/\/www.hoteleljisu.com\/wp-content\/uploads\/2025\/01\/WEB2-89-768x432.png 768w\" sizes=\"auto, (max-width: 800px) 100vw, 800px\" \/><\/a><\/figure><div class=\"wp-block-media-text__content\">\n<p class=\"has-text-align-center\"><br><em>En la Finca se pueden celebrar  eventos de hasta 250 personas colocando una carpa y todo lo que se necesite.<\/em><\/p>\n<\/div><\/div>\n\n\n\n<div class=\"wp-block-media-text alignwide has-media-on-the-right is-stacked-on-mobile\" style=\"grid-template-columns:auto 30%\"><div class=\"wp-block-media-text__content\">\n<p class=\"has-text-align-center\">   <\/p>\n\n\n\n<p class=\"has-text-align-center\"><em>O eventos m\u00e1s peque\u00f1os y familiares de hasta 45 personas aproximadamente.<\/em><\/p>\n\n\n\n<p class=\"has-text-align-center\"><\/p>\n<\/div><figure class=\"wp-block-media-text__media\"><a href=\"https:\/\/www.hoteleljisu.com\/index.php\/eventos-2\/\"><img loading=\"lazy\" decoding=\"async\" width=\"707\" height=\"532\" src=\"https:\/\/www.hoteleljisu.com\/wp-content\/uploads\/2025\/01\/WEB2-22.png\" alt=\"Hotel Restaurante El Jisu Liebana Picos de Europa Bautizo Comui\u00f3n Boda Camale\u00f1o\" class=\"wp-image-1829 size-full\" srcset=\"https:\/\/www.hoteleljisu.com\/wp-content\/uploads\/2025\/01\/WEB2-22.png 707w, https:\/\/www.hoteleljisu.com\/wp-content\/uploads\/2025\/01\/WEB2-22-300x226.png 300w\" sizes=\"auto, (max-width: 707px) 100vw, 707px\" \/><\/a><\/figure><\/div>\n\n\n\n<div class=\"wp-block-media-text alignwide is-stacked-on-mobile\" style=\"grid-template-columns:29% auto\"><figure class=\"wp-block-media-text__media\"><a href=\"https:\/\/www.hoteleljisu.com\/index.php\/eventos-2\/\"><img loading=\"lazy\" decoding=\"async\" width=\"800\" height=\"450\" src=\"https:\/\/www.hoteleljisu.com\/wp-content\/uploads\/2025\/01\/WEB2-19.png\" alt=\"Hotel Restaurante El Jisu Liebana Picos de Europa Bautizo Comui\u00f3n Boda Camale\u00f1o\" class=\"wp-image-1826 size-full\" srcset=\"https:\/\/www.hoteleljisu.com\/wp-content\/uploads\/2025\/01\/WEB2-19.png 800w, https:\/\/www.hoteleljisu.com\/wp-content\/uploads\/2025\/01\/WEB2-19-300x169.png 300w, https:\/\/www.hoteleljisu.com\/wp-content\/uploads\/2025\/01\/WEB2-19-768x432.png 768w\" sizes=\"auto, (max-width: 800px) 100vw, 800px\" \/><\/a><\/figure><div class=\"wp-block-media-text__content\">\n<p class=\"has-text-align-center\"><em>El Restaurante tambi\u00e9n ofrece almuerzos a grupos de menos de 45personas con men\u00fa concertado.<\/em><\/p>\n<\/div><\/div>\n\n\n\n<div class=\"wp-block-media-text alignwide has-media-on-the-right is-stacked-on-mobile\" style=\"grid-template-columns:auto 27%\"><div class=\"wp-block-media-text__content\">\n<p class=\"has-text-align-center\"><em>El  Cocido Lebaniego siempre es un buen men\u00fa para grupos que visitan Li\u00e9bana y quieren probar nuestra cocina tradicional.<\/em>.<\/p>\n<\/div><figure class=\"wp-block-media-text__media\"><a href=\"https:\/\/www.hoteleljisu.com\/index.php\/eventos-2\/\"><img loading=\"lazy\" decoding=\"async\" width=\"1020\" height=\"765\" src=\"https:\/\/www.hoteleljisu.com\/wp-content\/uploads\/2025\/01\/2024-08-15.jpg\" alt=\"Cocido Lebaniego Hotel Restaurante El Jisu Liebana Picos de Europa Bautizo Comui\u00f3n Boda Camale\u00f1o\" class=\"wp-image-1933 size-full\" srcset=\"https:\/\/www.hoteleljisu.com\/wp-content\/uploads\/2025\/01\/2024-08-15.jpg 1020w, https:\/\/www.hoteleljisu.com\/wp-content\/uploads\/2025\/01\/2024-08-15-300x225.jpg 300w, https:\/\/www.hoteleljisu.com\/wp-content\/uploads\/2025\/01\/2024-08-15-768x576.jpg 768w\" sizes=\"auto, (max-width: 1020px) 100vw, 1020px\" \/><\/a><\/figure><\/div>\n\n\n\n<div class=\"su-spacer\" style=\"height:20px\"><\/div>\n\n\n\n<div class=\"su-image-carousel  su-image-carousel-has-spacing su-image-carousel-crop su-image-carousel-crop-16-9 su-image-carousel-has-outline su-image-carousel-adaptive su-image-carousel-slides-style-default su-image-carousel-controls-style-dark su-image-carousel-align-center\" style=\"max-width:600px\" data-flickity-options='{\"groupCells\":true,\"cellSelector\":\".su-image-carousel-item\",\"adaptiveHeight\":false,\"cellAlign\":\"left\",\"prevNextButtons\":true,\"pageDots\":true,\"autoPlay\":2000,\"imagesLoaded\":true,\"contain\":true,\"selectedAttraction\":0.007,\"friction\":0.25}' id=\"su_image_carousel_69f5be53e94ad\"><div class=\"su-image-carousel-item\"><div class=\"su-image-carousel-item-content\"><a href=\"https:\/\/www.hoteleljisu.com\/wp-content\/uploads\/2026\/04\/PXCopy-28.png\" target=\"_blank\" rel=\"noopener noreferrer\" data-caption=\"\"><img loading=\"lazy\" decoding=\"async\" width=\"768\" height=\"576\" src=\"https:\/\/www.hoteleljisu.com\/wp-content\/uploads\/2026\/04\/PXCopy-28-768x576.png\" class=\"\" alt=\"\" srcset=\"https:\/\/www.hoteleljisu.com\/wp-content\/uploads\/2026\/04\/PXCopy-28-768x576.png 768w, https:\/\/www.hoteleljisu.com\/wp-content\/uploads\/2026\/04\/PXCopy-28-300x225.png 300w, https:\/\/www.hoteleljisu.com\/wp-content\/uploads\/2026\/04\/PXCopy-28.png 800w\" sizes=\"auto, (max-width: 768px) 100vw, 768px\" \/><\/a><\/div><\/div><div class=\"su-image-carousel-item\"><div class=\"su-image-carousel-item-content\"><a href=\"https:\/\/www.hoteleljisu.com\/wp-content\/uploads\/2026\/04\/PXCopy-20.png\" target=\"_blank\" rel=\"noopener noreferrer\" data-caption=\"\"><img loading=\"lazy\" decoding=\"async\" width=\"768\" height=\"511\" src=\"https:\/\/www.hoteleljisu.com\/wp-content\/uploads\/2026\/04\/PXCopy-20-768x511.png\" class=\"\" alt=\"\" srcset=\"https:\/\/www.hoteleljisu.com\/wp-content\/uploads\/2026\/04\/PXCopy-20-768x511.png 768w, https:\/\/www.hoteleljisu.com\/wp-content\/uploads\/2026\/04\/PXCopy-20-300x200.png 300w, https:\/\/www.hoteleljisu.com\/wp-content\/uploads\/2026\/04\/PXCopy-20.png 800w\" sizes=\"auto, (max-width: 768px) 100vw, 768px\" \/><\/a><\/div><\/div><div class=\"su-image-carousel-item\"><div class=\"su-image-carousel-item-content\"><a href=\"https:\/\/www.hoteleljisu.com\/wp-content\/uploads\/2020\/03\/DSC_0195-Copy-1.png\" target=\"_blank\" rel=\"noopener noreferrer\" data-caption=\"\"><img loading=\"lazy\" decoding=\"async\" width=\"768\" height=\"509\" src=\"https:\/\/www.hoteleljisu.com\/wp-content\/uploads\/2020\/03\/DSC_0195-Copy-1-768x509.png\" class=\"\" alt=\"\" srcset=\"https:\/\/www.hoteleljisu.com\/wp-content\/uploads\/2020\/03\/DSC_0195-Copy-1-768x509.png 768w, https:\/\/www.hoteleljisu.com\/wp-content\/uploads\/2020\/03\/DSC_0195-Copy-1-300x199.png 300w, https:\/\/www.hoteleljisu.com\/wp-content\/uploads\/2020\/03\/DSC_0195-Copy-1.png 1024w\" sizes=\"auto, (max-width: 768px) 100vw, 768px\" \/><\/a><\/div><\/div><div class=\"su-image-carousel-item\"><div class=\"su-image-carousel-item-content\"><a href=\"https:\/\/www.hoteleljisu.com\/wp-content\/uploads\/2025\/01\/WEB2-64.png\" target=\"_blank\" rel=\"noopener noreferrer\" data-caption=\"\"><img loading=\"lazy\" decoding=\"async\" width=\"710\" height=\"532\" src=\"https:\/\/www.hoteleljisu.com\/wp-content\/uploads\/2025\/01\/WEB2-64.png\" class=\"\" alt=\"Hotel Restaurante El Jisu Liebana Picos de Europa Bautizo Comui\u00f3n Boda Camale\u00f1o\" srcset=\"https:\/\/www.hoteleljisu.com\/wp-content\/uploads\/2025\/01\/WEB2-64.png 710w, https:\/\/www.hoteleljisu.com\/wp-content\/uploads\/2025\/01\/WEB2-64-300x225.png 300w\" sizes=\"auto, (max-width: 710px) 100vw, 710px\" \/><\/a><\/div><\/div><div class=\"su-image-carousel-item\"><div class=\"su-image-carousel-item-content\"><a href=\"https:\/\/www.hoteleljisu.com\/wp-content\/uploads\/2026\/04\/PXCopy-17.png\" target=\"_blank\" rel=\"noopener noreferrer\" data-caption=\"\"><img loading=\"lazy\" decoding=\"async\" width=\"768\" height=\"511\" src=\"https:\/\/www.hoteleljisu.com\/wp-content\/uploads\/2026\/04\/PXCopy-17-768x511.png\" class=\"\" alt=\"\" srcset=\"https:\/\/www.hoteleljisu.com\/wp-content\/uploads\/2026\/04\/PXCopy-17-768x511.png 768w, https:\/\/www.hoteleljisu.com\/wp-content\/uploads\/2026\/04\/PXCopy-17-300x200.png 300w, https:\/\/www.hoteleljisu.com\/wp-content\/uploads\/2026\/04\/PXCopy-17.png 800w\" sizes=\"auto, (max-width: 768px) 100vw, 768px\" \/><\/a><\/div><\/div><div class=\"su-image-carousel-item\"><div class=\"su-image-carousel-item-content\"><a href=\"https:\/\/www.hoteleljisu.com\/wp-content\/uploads\/2026\/04\/PXCopy-24.png\" target=\"_blank\" rel=\"noopener noreferrer\" data-caption=\"\"><img loading=\"lazy\" decoding=\"async\" width=\"768\" height=\"576\" src=\"https:\/\/www.hoteleljisu.com\/wp-content\/uploads\/2026\/04\/PXCopy-24-768x576.png\" class=\"\" alt=\"\" srcset=\"https:\/\/www.hoteleljisu.com\/wp-content\/uploads\/2026\/04\/PXCopy-24-768x576.png 768w, https:\/\/www.hoteleljisu.com\/wp-content\/uploads\/2026\/04\/PXCopy-24-300x225.png 300w, https:\/\/www.hoteleljisu.com\/wp-content\/uploads\/2026\/04\/PXCopy-24.png 800w\" sizes=\"auto, (max-width: 768px) 100vw, 768px\" \/><\/a><\/div><\/div><div class=\"su-image-carousel-item\"><div class=\"su-image-carousel-item-content\"><a href=\"https:\/\/www.hoteleljisu.com\/wp-content\/uploads\/2025\/01\/WEB-1-53.png\" target=\"_blank\" rel=\"noopener noreferrer\" data-caption=\"\"><img loading=\"lazy\" decoding=\"async\" width=\"768\" height=\"576\" src=\"https:\/\/www.hoteleljisu.com\/wp-content\/uploads\/2025\/01\/WEB-1-53-768x576.png\" class=\"\" alt=\"\" srcset=\"https:\/\/www.hoteleljisu.com\/wp-content\/uploads\/2025\/01\/WEB-1-53-768x576.png 768w, https:\/\/www.hoteleljisu.com\/wp-content\/uploads\/2025\/01\/WEB-1-53-300x225.png 300w, https:\/\/www.hoteleljisu.com\/wp-content\/uploads\/2025\/01\/WEB-1-53.png 1024w\" sizes=\"auto, (max-width: 768px) 100vw, 768px\" \/><\/a><\/div><\/div><div class=\"su-image-carousel-item\"><div class=\"su-image-carousel-item-content\"><a href=\"https:\/\/www.hoteleljisu.com\/wp-content\/uploads\/2025\/01\/WEB2-31.png\" target=\"_blank\" rel=\"noopener noreferrer\" data-caption=\"\"><img loading=\"lazy\" decoding=\"async\" width=\"707\" height=\"532\" src=\"https:\/\/www.hoteleljisu.com\/wp-content\/uploads\/2025\/01\/WEB2-31.png\" class=\"\" alt=\"Hotel Restaurante El Jisu Liebana Picos de Europa Bautizo Comui\u00f3n Boda Camale\u00f1o\" srcset=\"https:\/\/www.hoteleljisu.com\/wp-content\/uploads\/2025\/01\/WEB2-31.png 707w, https:\/\/www.hoteleljisu.com\/wp-content\/uploads\/2025\/01\/WEB2-31-300x226.png 300w\" sizes=\"auto, (max-width: 707px) 100vw, 707px\" \/><\/a><\/div><\/div><div class=\"su-image-carousel-item\"><div class=\"su-image-carousel-item-content\"><a href=\"https:\/\/www.hoteleljisu.com\/wp-content\/uploads\/2025\/01\/WEB-1-41.png\" target=\"_blank\" rel=\"noopener noreferrer\" data-caption=\"\"><img loading=\"lazy\" decoding=\"async\" width=\"768\" height=\"576\" src=\"https:\/\/www.hoteleljisu.com\/wp-content\/uploads\/2025\/01\/WEB-1-41-768x576.png\" class=\"\" alt=\"\" srcset=\"https:\/\/www.hoteleljisu.com\/wp-content\/uploads\/2025\/01\/WEB-1-41-768x576.png 768w, https:\/\/www.hoteleljisu.com\/wp-content\/uploads\/2025\/01\/WEB-1-41-300x225.png 300w, https:\/\/www.hoteleljisu.com\/wp-content\/uploads\/2025\/01\/WEB-1-41.png 1024w\" sizes=\"auto, (max-width: 768px) 100vw, 768px\" \/><\/a><\/div><\/div><div class=\"su-image-carousel-item\"><div class=\"su-image-carousel-item-content\"><a href=\"https:\/\/www.hoteleljisu.com\/wp-content\/uploads\/2025\/01\/WEB2-38.png\" target=\"_blank\" rel=\"noopener noreferrer\" data-caption=\"\"><img loading=\"lazy\" decoding=\"async\" width=\"532\" height=\"532\" src=\"https:\/\/www.hoteleljisu.com\/wp-content\/uploads\/2025\/01\/WEB2-38.png\" class=\"\" alt=\"Hotel Restaurante El Jisu Liebana Picos de Europa Bautizo Comui\u00f3n Boda Camale\u00f1o\" srcset=\"https:\/\/www.hoteleljisu.com\/wp-content\/uploads\/2025\/01\/WEB2-38.png 532w, https:\/\/www.hoteleljisu.com\/wp-content\/uploads\/2025\/01\/WEB2-38-300x300.png 300w, https:\/\/www.hoteleljisu.com\/wp-content\/uploads\/2025\/01\/WEB2-38-150x150.png 150w\" sizes=\"auto, (max-width: 532px) 100vw, 532px\" \/><\/a><\/div><\/div><div class=\"su-image-carousel-item\"><div class=\"su-image-carousel-item-content\"><a href=\"https:\/\/www.hoteleljisu.com\/wp-content\/uploads\/2020\/03\/HOTEL-RESTAURANTE-EL-JISU-36.png\" target=\"_blank\" rel=\"noopener noreferrer\" data-caption=\"\"><img loading=\"lazy\" decoding=\"async\" width=\"768\" height=\"508\" src=\"https:\/\/www.hoteleljisu.com\/wp-content\/uploads\/2020\/03\/HOTEL-RESTAURANTE-EL-JISU-36-768x508.png\" class=\"\" alt=\"\" srcset=\"https:\/\/www.hoteleljisu.com\/wp-content\/uploads\/2020\/03\/HOTEL-RESTAURANTE-EL-JISU-36-768x508.png 768w, https:\/\/www.hoteleljisu.com\/wp-content\/uploads\/2020\/03\/HOTEL-RESTAURANTE-EL-JISU-36-300x199.png 300w, https:\/\/www.hoteleljisu.com\/wp-content\/uploads\/2020\/03\/HOTEL-RESTAURANTE-EL-JISU-36-1024x678.png 1024w, https:\/\/www.hoteleljisu.com\/wp-content\/uploads\/2020\/03\/HOTEL-RESTAURANTE-EL-JISU-36.png 1209w\" sizes=\"auto, (max-width: 768px) 100vw, 768px\" \/><\/a><\/div><\/div><div class=\"su-image-carousel-item\"><div class=\"su-image-carousel-item-content\"><a href=\"https:\/\/www.hoteleljisu.com\/wp-content\/uploads\/2026\/04\/PXCopy-15.png\" target=\"_blank\" rel=\"noopener noreferrer\" data-caption=\"\"><img loading=\"lazy\" decoding=\"async\" width=\"768\" height=\"511\" src=\"https:\/\/www.hoteleljisu.com\/wp-content\/uploads\/2026\/04\/PXCopy-15-768x511.png\" class=\"\" alt=\"\" srcset=\"https:\/\/www.hoteleljisu.com\/wp-content\/uploads\/2026\/04\/PXCopy-15-768x511.png 768w, https:\/\/www.hoteleljisu.com\/wp-content\/uploads\/2026\/04\/PXCopy-15-300x200.png 300w, https:\/\/www.hoteleljisu.com\/wp-content\/uploads\/2026\/04\/PXCopy-15.png 800w\" sizes=\"auto, (max-width: 768px) 100vw, 768px\" \/><\/a><\/div><\/div><\/div><script id=\"su_image_carousel_69f5be53e94ad_script\">if(window.SUImageCarousel){setTimeout(function() {window.SUImageCarousel.initGallery(document.getElementById(\"su_image_carousel_69f5be53e94ad\"))}, 0);}var su_image_carousel_69f5be53e94ad_script=document.getElementById(\"su_image_carousel_69f5be53e94ad_script\");if(su_image_carousel_69f5be53e94ad_script){su_image_carousel_69f5be53e94ad_script.parentNode.removeChild(su_image_carousel_69f5be53e94ad_script);}<\/script>\n\n\n\n<h1 class=\"wp-block-heading\">Estamos aqu\u00ed<\/h1>\n\n\n\n<div class=\"su-spacer\" style=\"height:20px\"><\/div>\n\n\n<p style=\"text-align: center;\"><span style=\"font-size: 24px; color: #2e1406; font-family: 'book antiqua', palatino;\">El Jisu se encuentra en Camale\u00f1o, a 8 km de Potes y 15 km del Telef\u00e9rico de Fuente D\u00e9, una de las puertas de entrada al Parque Nacional de Picos de Europa. Tambi\u00e9n se encuentra en la comarca de Li\u00e9bana a la que se puede llegar por el Desfiladero de la Hermida, el Puerto de Piedrasluengas o el Puerto de San Glorio.<\/span><\/p>\n<div class=\"su-spacer\" style=\"height:20px\"><\/div>\n\n<div id=\"wpgmza_map\" class=\"wpgmza_map\" data-settings='{\"id\":\"1\",\"map_title\":\"Mi primer mapa\",\"map_width\":\"100\",\"map_height\":\"400\",\"map_start_lat\":\"43.158107\",\"map_start_lng\":\"-4.657193\",\"map_start_location\":\"43.15810682779753,-4.657192564570664\",\"map_start_zoom\":\"11\",\"default_marker\":\"0\",\"type\":\"1\",\"alignment\":\"1\",\"directions_enabled\":\"1\",\"styling_enabled\":\"0\",\"styling_json\":\"\",\"active\":\"0\",\"kml\":\"\",\"bicycle\":\"0\",\"traffic\":\"0\",\"dbox\":\"1\",\"dbox_width\":\"100\",\"listmarkers\":\"0\",\"listmarkers_advanced\":\"0\",\"filterbycat\":\"0\",\"ugm_enabled\":\"0\",\"ugm_category_enabled\":\"0\",\"fusion\":\"\",\"map_width_type\":\"\\\\%\",\"map_height_type\":\"px\",\"mass_marker_support\":\"1\",\"ugm_access\":\"0\",\"order_markers_by\":\"1\",\"order_markers_choice\":\"2\",\"show_user_location\":\"0\",\"default_to\":\"\",\"other_settings\":{\"store_locator_enabled\":2,\"store_locator_distance\":2,\"store_locator_default_radius\":\"10\",\"store_locator_not_found_message\":\"No se han encontrado resultados en esta ubicaci\\u00f3n. Vuelve a intentarlo.\",\"store_locator_bounce\":1,\"store_locator_query_string\":\"ZIP \\\/ C\\u00f3digo Postal \\\/ Direcci\\u00f3n\",\"store_locator_default_address\":\"\",\"wpgmza_store_locator_restrict\":\"\",\"map_max_zoom\":\"1\",\"transport_layer\":0,\"wpgmza_theme_data\":\"\",\"wpgmza_show_points_of_interest\":1}}' data-map-id='1' Data-maps-engine='' data-shortcode-attributes='{\"id\":\"1\"}' style=\"display:block; overflow:auto; width:100%; height:400px; float:left;\"><\/div>","protected":false},"excerpt":{"rendered":"<p>\u00a1Ven a disfrutar de Picos de Europa con nosotros! \u00a0 El Jisu es una finca que se encuentra en Camale\u00f1o, a medio camino entre Potes y el Telef\u00e9rico de Fuente D\u00e9. La finca cuenta con Hotel con Sal\u00f3n, Restaurante, Jardines y Terrazas,\u00a0 y Piscina exterior. \u00a0 El Hotel \u00a0 El Hotel de 3 estrellas est\u00e1 [&hellip;]<\/p>\n","protected":false},"author":1,"featured_media":1116,"parent":0,"menu_order":0,"comment_status":"closed","ping_status":"closed","template":"","meta":{"footnotes":""},"class_list":["post-49","page","type-page","status-publish","has-post-thumbnail","hentry"],"yoast_head":"<!-- This site is optimized with the Yoast SEO plugin v26.8 - https:\/\/yoast.com\/product\/yoast-seo-wordpress\/ -->\n<title>Hotel Restaurante El Jisu, en Liebana y Picos de Europa - WEB OFICIAL\u00ae<\/title>\n<meta name=\"description\" content=\"Hotel en Liebana y Picos de Europa - WEB OFICIAL\u00ae\u00a1Precios incre\u00edbles! Contacto Directo Hablamos tu idioma \u00b7 Ofertas secretas \u00b7 Eventos\" \/>\n<meta name=\"robots\" content=\"index, follow, max-snippet:-1, max-image-preview:large, max-video-preview:-1\" \/>\n<link rel=\"canonical\" href=\"https:\/\/www.hoteleljisu.com\/\" \/>\n<meta property=\"og:locale\" content=\"es_ES\" \/>\n<meta property=\"og:type\" content=\"article\" \/>\n<meta property=\"og:title\" content=\"Hotel Restaurante El Jisu, en Liebana y Picos de Europa - WEB OFICIAL\u00ae\" \/>\n<meta property=\"og:description\" content=\"Hotel en Liebana y Picos de Europa - WEB OFICIAL\u00ae\u00a1Precios incre\u00edbles! Contacto Directo Hablamos tu idioma \u00b7 Ofertas secretas \u00b7 Eventos\" \/>\n<meta property=\"og:url\" content=\"https:\/\/www.hoteleljisu.com\/\" \/>\n<meta property=\"og:site_name\" content=\"Hotel Rte. EL Jisu Web Oficial\u00ae\" \/>\n<meta property=\"article:publisher\" content=\"https:\/\/www.facebook.com\/hreljisu\/\" \/>\n<meta property=\"article:modified_time\" content=\"2026-04-23T10:20:01+00:00\" \/>\n<meta property=\"og:image\" content=\"https:\/\/www.hoteleljisu.com\/wp-content\/uploads\/2020\/04\/DSC_7002-Copy-Copy.png\" \/>\n\t<meta property=\"og:image:width\" content=\"1198\" \/>\n\t<meta property=\"og:image:height\" content=\"800\" \/>\n\t<meta property=\"og:image:type\" content=\"image\/png\" \/>\n<meta name=\"twitter:card\" content=\"summary_large_image\" \/>\n<meta name=\"twitter:label1\" content=\"Tiempo de lectura\" \/>\n\t<meta name=\"twitter:data1\" content=\"4 minutos\" \/>\n<script type=\"application\/ld+json\" class=\"yoast-schema-graph\">{\"@context\":\"https:\/\/schema.org\",\"@graph\":[{\"@type\":\"WebPage\",\"@id\":\"https:\/\/www.hoteleljisu.com\/\",\"url\":\"https:\/\/www.hoteleljisu.com\/\",\"name\":\"Hotel Restaurante El Jisu, en Liebana y Picos de Europa - WEB OFICIAL\u00ae\",\"isPartOf\":{\"@id\":\"https:\/\/www.hoteleljisu.com\/#website\"},\"primaryImageOfPage\":{\"@id\":\"https:\/\/www.hoteleljisu.com\/#primaryimage\"},\"image\":{\"@id\":\"https:\/\/www.hoteleljisu.com\/#primaryimage\"},\"thumbnailUrl\":\"https:\/\/www.hoteleljisu.com\/wp-content\/uploads\/2020\/04\/DSC_7002-Copy-Copy.png\",\"datePublished\":\"2017-05-24T17:30:23+00:00\",\"dateModified\":\"2026-04-23T10:20:01+00:00\",\"description\":\"Hotel en Liebana y Picos de Europa - WEB OFICIAL\u00ae\u00a1Precios incre\u00edbles! Contacto Directo Hablamos tu idioma \u00b7 Ofertas secretas \u00b7 Eventos\",\"breadcrumb\":{\"@id\":\"https:\/\/www.hoteleljisu.com\/#breadcrumb\"},\"inLanguage\":\"es\",\"potentialAction\":[{\"@type\":\"ReadAction\",\"target\":[\"https:\/\/www.hoteleljisu.com\/\"]}]},{\"@type\":\"ImageObject\",\"inLanguage\":\"es\",\"@id\":\"https:\/\/www.hoteleljisu.com\/#primaryimage\",\"url\":\"https:\/\/www.hoteleljisu.com\/wp-content\/uploads\/2020\/04\/DSC_7002-Copy-Copy.png\",\"contentUrl\":\"https:\/\/www.hoteleljisu.com\/wp-content\/uploads\/2020\/04\/DSC_7002-Copy-Copy.png\",\"width\":1198,\"height\":800,\"caption\":\"El Jisu, Hotel en Liebana y Picos de Europa\"},{\"@type\":\"BreadcrumbList\",\"@id\":\"https:\/\/www.hoteleljisu.com\/#breadcrumb\",\"itemListElement\":[{\"@type\":\"ListItem\",\"position\":1,\"name\":\"Portada\",\"item\":\"https:\/\/www.hoteleljisu.com\/\"},{\"@type\":\"ListItem\",\"position\":2,\"name\":\"Hotel Restaurante El Jisu\"}]},{\"@type\":\"WebSite\",\"@id\":\"https:\/\/www.hoteleljisu.com\/#website\",\"url\":\"https:\/\/www.hoteleljisu.com\/\",\"name\":\"Hotel Rte. EL Jisu Web Oficial\u00ae\",\"description\":\"Liebana  - Picos de Europa\",\"publisher\":{\"@id\":\"https:\/\/www.hoteleljisu.com\/#organization\"},\"potentialAction\":[{\"@type\":\"SearchAction\",\"target\":{\"@type\":\"EntryPoint\",\"urlTemplate\":\"https:\/\/www.hoteleljisu.com\/?s={search_term_string}\"},\"query-input\":{\"@type\":\"PropertyValueSpecification\",\"valueRequired\":true,\"valueName\":\"search_term_string\"}}],\"inLanguage\":\"es\"},{\"@type\":\"Organization\",\"@id\":\"https:\/\/www.hoteleljisu.com\/#organization\",\"name\":\"Hotel Rte. El Jisu\",\"url\":\"https:\/\/www.hoteleljisu.com\/\",\"logo\":{\"@type\":\"ImageObject\",\"inLanguage\":\"es\",\"@id\":\"https:\/\/www.hoteleljisu.com\/#\/schema\/logo\/image\/\",\"url\":\"\",\"contentUrl\":\"\",\"caption\":\"Hotel Rte. El Jisu\"},\"image\":{\"@id\":\"https:\/\/www.hoteleljisu.com\/#\/schema\/logo\/image\/\"},\"sameAs\":[\"https:\/\/www.facebook.com\/hreljisu\/\",\"https:\/\/www.instagram.com\/hreljisu\/\"]}]}<\/script>\n<!-- \/ Yoast SEO plugin. -->","yoast_head_json":{"title":"Hotel Restaurante El Jisu, en Liebana y Picos de Europa - WEB OFICIAL\u00ae","description":"Hotel en Liebana y Picos de Europa - WEB OFICIAL\u00ae\u00a1Precios incre\u00edbles! Contacto Directo Hablamos tu idioma \u00b7 Ofertas secretas \u00b7 Eventos","robots":{"index":"index","follow":"follow","max-snippet":"max-snippet:-1","max-image-preview":"max-image-preview:large","max-video-preview":"max-video-preview:-1"},"canonical":"https:\/\/www.hoteleljisu.com\/","og_locale":"es_ES","og_type":"article","og_title":"Hotel Restaurante El Jisu, en Liebana y Picos de Europa - WEB OFICIAL\u00ae","og_description":"Hotel en Liebana y Picos de Europa - WEB OFICIAL\u00ae\u00a1Precios incre\u00edbles! Contacto Directo Hablamos tu idioma \u00b7 Ofertas secretas \u00b7 Eventos","og_url":"https:\/\/www.hoteleljisu.com\/","og_site_name":"Hotel Rte. EL Jisu Web Oficial\u00ae","article_publisher":"https:\/\/www.facebook.com\/hreljisu\/","article_modified_time":"2026-04-23T10:20:01+00:00","og_image":[{"width":1198,"height":800,"url":"https:\/\/www.hoteleljisu.com\/wp-content\/uploads\/2020\/04\/DSC_7002-Copy-Copy.png","type":"image\/png"}],"twitter_card":"summary_large_image","twitter_misc":{"Tiempo de lectura":"4 minutos"},"schema":{"@context":"https:\/\/schema.org","@graph":[{"@type":"WebPage","@id":"https:\/\/www.hoteleljisu.com\/","url":"https:\/\/www.hoteleljisu.com\/","name":"Hotel Restaurante El Jisu, en Liebana y Picos de Europa - WEB OFICIAL\u00ae","isPartOf":{"@id":"https:\/\/www.hoteleljisu.com\/#website"},"primaryImageOfPage":{"@id":"https:\/\/www.hoteleljisu.com\/#primaryimage"},"image":{"@id":"https:\/\/www.hoteleljisu.com\/#primaryimage"},"thumbnailUrl":"https:\/\/www.hoteleljisu.com\/wp-content\/uploads\/2020\/04\/DSC_7002-Copy-Copy.png","datePublished":"2017-05-24T17:30:23+00:00","dateModified":"2026-04-23T10:20:01+00:00","description":"Hotel en Liebana y Picos de Europa - WEB OFICIAL\u00ae\u00a1Precios incre\u00edbles! Contacto Directo Hablamos tu idioma \u00b7 Ofertas secretas \u00b7 Eventos","breadcrumb":{"@id":"https:\/\/www.hoteleljisu.com\/#breadcrumb"},"inLanguage":"es","potentialAction":[{"@type":"ReadAction","target":["https:\/\/www.hoteleljisu.com\/"]}]},{"@type":"ImageObject","inLanguage":"es","@id":"https:\/\/www.hoteleljisu.com\/#primaryimage","url":"https:\/\/www.hoteleljisu.com\/wp-content\/uploads\/2020\/04\/DSC_7002-Copy-Copy.png","contentUrl":"https:\/\/www.hoteleljisu.com\/wp-content\/uploads\/2020\/04\/DSC_7002-Copy-Copy.png","width":1198,"height":800,"caption":"El Jisu, Hotel en Liebana y Picos de Europa"},{"@type":"BreadcrumbList","@id":"https:\/\/www.hoteleljisu.com\/#breadcrumb","itemListElement":[{"@type":"ListItem","position":1,"name":"Portada","item":"https:\/\/www.hoteleljisu.com\/"},{"@type":"ListItem","position":2,"name":"Hotel Restaurante El Jisu"}]},{"@type":"WebSite","@id":"https:\/\/www.hoteleljisu.com\/#website","url":"https:\/\/www.hoteleljisu.com\/","name":"Hotel Rte. EL Jisu Web Oficial\u00ae","description":"Liebana  - Picos de Europa","publisher":{"@id":"https:\/\/www.hoteleljisu.com\/#organization"},"potentialAction":[{"@type":"SearchAction","target":{"@type":"EntryPoint","urlTemplate":"https:\/\/www.hoteleljisu.com\/?s={search_term_string}"},"query-input":{"@type":"PropertyValueSpecification","valueRequired":true,"valueName":"search_term_string"}}],"inLanguage":"es"},{"@type":"Organization","@id":"https:\/\/www.hoteleljisu.com\/#organization","name":"Hotel Rte. El Jisu","url":"https:\/\/www.hoteleljisu.com\/","logo":{"@type":"ImageObject","inLanguage":"es","@id":"https:\/\/www.hoteleljisu.com\/#\/schema\/logo\/image\/","url":"","contentUrl":"","caption":"Hotel Rte. El Jisu"},"image":{"@id":"https:\/\/www.hoteleljisu.com\/#\/schema\/logo\/image\/"},"sameAs":["https:\/\/www.facebook.com\/hreljisu\/","https:\/\/www.instagram.com\/hreljisu\/"]}]}},"_links":{"self":[{"href":"https:\/\/www.hoteleljisu.com\/index.php\/wp-json\/wp\/v2\/pages\/49","targetHints":{"allow":["GET"]}}],"collection":[{"href":"https:\/\/www.hoteleljisu.com\/index.php\/wp-json\/wp\/v2\/pages"}],"about":[{"href":"https:\/\/www.hoteleljisu.com\/index.php\/wp-json\/wp\/v2\/types\/page"}],"author":[{"embeddable":true,"href":"https:\/\/www.hoteleljisu.com\/index.php\/wp-json\/wp\/v2\/users\/1"}],"replies":[{"embeddable":true,"href":"https:\/\/www.hoteleljisu.com\/index.php\/wp-json\/wp\/v2\/comments?post=49"}],"version-history":[{"count":202,"href":"https:\/\/www.hoteleljisu.com\/index.php\/wp-json\/wp\/v2\/pages\/49\/revisions"}],"predecessor-version":[{"id":2206,"href":"https:\/\/www.hoteleljisu.com\/index.php\/wp-json\/wp\/v2\/pages\/49\/revisions\/2206"}],"wp:featuredmedia":[{"embeddable":true,"href":"https:\/\/www.hoteleljisu.com\/index.php\/wp-json\/wp\/v2\/media\/1116"}],"wp:attachment":[{"href":"https:\/\/www.hoteleljisu.com\/index.php\/wp-json\/wp\/v2\/media?parent=49"}],"curies":[{"name":"wp","href":"https:\/\/api.w.org\/{rel}","templated":true}]}}