{"id":496,"date":"2017-05-31T22:32:22","date_gmt":"2017-05-31T22:32:22","guid":{"rendered":"http:\/\/www.hoteleljisu.com\/?page_id=496"},"modified":"2026-04-27T09:29:49","modified_gmt":"2026-04-27T09:29:49","slug":"hotel-2","status":"publish","type":"page","link":"https:\/\/www.hoteleljisu.com\/index.php\/hotel-2\/","title":{"rendered":"Hotel en Picos de Europa"},"content":{"rendered":"<p style=\"text-align: center;\"><span style=\"font-size: 36px; font-family: 'Lobster Two';\"><strong><span style=\"color: #339966;\"><em>Hotel rural con Piscina<\/em><\/span><\/strong><\/span><\/p>\n<p style=\"text-align: center;\"><span style=\"font-size: 27px; font-family: 'Lobster Two'; color: #333300;\">El Hotel Jisu es un peque\u00f1o hotel rural de 3 estrellas en los Picos de Europa construido en la d\u00e9cada de los 90 por una familia de la comarca lebaniega que lo regent\u00f3 hasta el 2017 que lo compramos nosotros con el objetivo de vivir en el medio rural.<\/span><\/p>\n<div class=\"su-custom-gallery su-custom-gallery-align-center su-custom-gallery-title-hover\"><div class=\"su-custom-gallery-slide\" style=\"width:400px;height:250px\"><a href=\"https:\/\/www.hoteleljisu.com\/wp-content\/uploads\/2025\/01\/WEB2-29.png\" target=\"_blank\" title=\"WEB2 (29)\"><img loading=\"lazy\" decoding=\"async\" src=\"https:\/\/www.hoteleljisu.com\/wp-content\/uploads\/2025\/01\/WEB2-29-400x250.png\" alt=\"WEB2 (29)\" width=\"400\" height=\"250\" \/><span class=\"su-custom-gallery-title\">WEB2 (29)<\/span><\/a><\/div><div class=\"su-clear\"><\/div><\/div>\n<p style=\"text-align: center;\"><span style=\"font-size: 27px; font-family: 'Lobster Two'; color: #333300;\">Desde que lo adquirimos, cada a\u00f1o hemos realizado diversas reformas para mejorar la estancia de nuestros clientes como por ejemplo la piscina, la terraza, el riego del jard\u00edn y los ba\u00f1os de las habitaciones pero este a\u00f1o hemos redomado totalmente la fachada.<\/span><\/p>\n<div class=\"su-custom-gallery su-custom-gallery-align-center su-custom-gallery-title-hover\"><div class=\"su-custom-gallery-slide\" style=\"width:400px;height:250px\"><a href=\"https:\/\/www.hoteleljisu.com\/wp-content\/uploads\/2026\/04\/PXCopy-12.png\" target=\"_blank\" title=\"HOTEL EL JISU\"><img loading=\"lazy\" decoding=\"async\" src=\"https:\/\/www.hoteleljisu.com\/wp-content\/uploads\/2026\/04\/PXCopy-12-400x250.png\" alt=\"HOTEL EL JISU\" width=\"400\" height=\"250\" \/><span class=\"su-custom-gallery-title\">HOTEL EL JISU<\/span><\/a><\/div><div class=\"su-clear\"><\/div><\/div>\n<p style=\"text-align: center;\"><span style=\"font-size: 27px; font-family: 'Lobster Two'; color: #333300;\">El Hotel est\u00e1 formado por 9 habitaciones dobles situadas en la primera y segunda plata, lo que hace que todas tengan vistas a las monta\u00f1as de alrededor.\u00a0<\/span><\/p>\n<div class=\"su-custom-gallery su-custom-gallery-align-center su-custom-gallery-title-hover\"><div class=\"su-custom-gallery-slide\" style=\"width:260px;height:180px\"><a href=\"https:\/\/www.hoteleljisu.com\/wp-content\/uploads\/2026\/04\/PXCopy-26.png\" target=\"_blank\" title=\"% PX(Copy) (26)\"><img loading=\"lazy\" decoding=\"async\" src=\"https:\/\/www.hoteleljisu.com\/wp-content\/uploads\/2026\/04\/PXCopy-26-260x180.png\" alt=\"% PX(Copy) (26)\" width=\"260\" height=\"180\" \/><span class=\"su-custom-gallery-title\">% PX(Copy) (26)<\/span><\/a><\/div><div class=\"su-custom-gallery-slide\" style=\"width:260px;height:180px\"><a href=\"https:\/\/www.hoteleljisu.com\/wp-content\/uploads\/2026\/04\/PXCopy-4.png\" target=\"_blank\" title=\"% PX(Copy) (4)\"><img loading=\"lazy\" decoding=\"async\" src=\"https:\/\/www.hoteleljisu.com\/wp-content\/uploads\/2026\/04\/PXCopy-4-260x180.png\" alt=\"% PX(Copy) (4)\" width=\"260\" height=\"180\" \/><span class=\"su-custom-gallery-title\">% PX(Copy) (4)<\/span><\/a><\/div><div class=\"su-custom-gallery-slide\" style=\"width:260px;height:180px\"><a href=\"https:\/\/www.hoteleljisu.com\/wp-content\/uploads\/2026\/04\/PXCopy-2.png\" target=\"_blank\" title=\"% PX(Copy) (2)\"><img loading=\"lazy\" decoding=\"async\" src=\"https:\/\/www.hoteleljisu.com\/wp-content\/uploads\/2026\/04\/PXCopy-2-260x180.png\" alt=\"% PX(Copy) (2)\" width=\"260\" height=\"180\" \/><span class=\"su-custom-gallery-title\">% PX(Copy) (2)<\/span><\/a><\/div><div class=\"su-custom-gallery-slide\" style=\"width:260px;height:180px\"><a href=\"https:\/\/www.hoteleljisu.com\/wp-content\/uploads\/2026\/04\/PXCopy-19.png\" target=\"_blank\" title=\"% PX(Copy) (19)\"><img loading=\"lazy\" decoding=\"async\" src=\"https:\/\/www.hoteleljisu.com\/wp-content\/uploads\/2026\/04\/PXCopy-19-260x180.png\" alt=\"% PX(Copy) (19)\" width=\"260\" height=\"180\" \/><span class=\"su-custom-gallery-title\">% PX(Copy) (19)<\/span><\/a><\/div><div class=\"su-clear\"><\/div><\/div>\n<p style=\"text-align: center;\"><span style=\"font-size: 27px; font-family: 'Lobster Two'; color: #333300;\">Todas las habitaciones tienen ba\u00f1o privado, algunas con ducha y otras con ba\u00f1era, escritorio, televisi\u00f3n de pantalla plana, etc. y dos de ellas tiene cama de matrimonio de 150cm mientras que el resto, tienen dos camas de 105cm juntas.\u00a0<\/span><\/p>\n<p>\u00a0<\/p>\n<p style=\"text-align: center;\"><span style=\"font-size: 27px; font-family: 'Lobster Two'; color: #333300;\">La Habitaci\u00f3n Pico del Corvo tiene un c\u00f3modo sal\u00f3n y unas maravillosas vistas a los Picos de Europa.<\/span><\/p>\n<div class=\"su-custom-gallery su-custom-gallery-align-center su-custom-gallery-title-hover\"><div class=\"su-custom-gallery-slide\" style=\"width:260px;height:180px\"><a href=\"https:\/\/www.hoteleljisu.com\/wp-content\/uploads\/2026\/04\/PXCopy-21.png\" target=\"_blank\" title=\"% PX(Copy) (21)\"><img loading=\"lazy\" decoding=\"async\" src=\"https:\/\/www.hoteleljisu.com\/wp-content\/uploads\/2026\/04\/PXCopy-21-260x180.png\" alt=\"% PX(Copy) (21)\" width=\"260\" height=\"180\" \/><span class=\"su-custom-gallery-title\">% PX(Copy) (21)<\/span><\/a><\/div><div class=\"su-custom-gallery-slide\" style=\"width:260px;height:180px\"><a href=\"https:\/\/www.hoteleljisu.com\/wp-content\/uploads\/2026\/04\/PXCopy-17.png\" target=\"_blank\" title=\"% PX(Copy) (17)\"><img loading=\"lazy\" decoding=\"async\" src=\"https:\/\/www.hoteleljisu.com\/wp-content\/uploads\/2026\/04\/PXCopy-17-260x180.png\" alt=\"% PX(Copy) (17)\" width=\"260\" height=\"180\" \/><span class=\"su-custom-gallery-title\">% PX(Copy) (17)<\/span><\/a><\/div><div class=\"su-custom-gallery-slide\" style=\"width:260px;height:180px\"><a href=\"https:\/\/www.hoteleljisu.com\/wp-content\/uploads\/2025\/01\/PXCopy-2.png\" target=\"_blank\" title=\"% PX(Copy) (2)\"><img loading=\"lazy\" decoding=\"async\" src=\"https:\/\/www.hoteleljisu.com\/wp-content\/uploads\/2025\/01\/PXCopy-2-260x180.png\" alt=\"% PX(Copy) (2)\" width=\"260\" height=\"180\" \/><span class=\"su-custom-gallery-title\">% PX(Copy) (2)<\/span><\/a><\/div><div class=\"su-custom-gallery-slide\" style=\"width:260px;height:180px\"><a href=\"https:\/\/www.hoteleljisu.com\/wp-content\/uploads\/2026\/04\/PXCopy-22.png\" target=\"_blank\" title=\"% PX(Copy) (22)\"><img loading=\"lazy\" decoding=\"async\" src=\"https:\/\/www.hoteleljisu.com\/wp-content\/uploads\/2026\/04\/PXCopy-22-260x180.png\" alt=\"% PX(Copy) (22)\" width=\"260\" height=\"180\" \/><span class=\"su-custom-gallery-title\">% PX(Copy) (22)<\/span><\/a><\/div><div class=\"su-clear\"><\/div><\/div>\n<p style=\"text-align: center;\"><span style=\"font-size: 27px; font-family: 'Lobster Two'; color: #333300;\">Como zonas comunes, nuestro hotel ofrece varios lugares en las que disfrutar de la tranquilidad, el silencio y la naturaleza durante su estancia:<\/span><\/p>\n<p>\u00a0<\/p>\n<p style=\"text-align: center;\"><span style=\"font-family: 'Lobster Two'; font-size: 27px; color: #333300;\">Terrazas para disfrutar de las vistas, un libro o un caf\u00e9.<\/span><\/p>\n<p style=\"text-align: center;\"><span style=\"font-family: 'Lobster Two';\"><span style=\"font-size: 27px; color: #333300;\">Amplios jardines por donde dar tranquilos paseos.<\/span><\/span><\/p>\n<p style=\"text-align: center;\"><span style=\"font-family: 'Lobster Two';\"><span style=\"font-size: 27px; color: #333300;\">Hermosa piscina abierta en verano.<\/span><\/span><\/p>\n<p style=\"text-align: center;\"><span style=\"font-family: 'Lobster Two';\"><span style=\"font-size: 27px; color: #333300;\">Acogedor sal\u00f3n con chimenea y biblioteca.<\/span><\/span><\/p>\n<ul>\n<li style=\"list-style-type: none;\">\n<ul>\n<li style=\"list-style-type: none;\">\n<ul>\n<li style=\"list-style-type: none;\">\u00a0<\/li>\n<\/ul>\n<\/li>\n<\/ul>\n<\/li>\n<\/ul>\n<ul>\n<li style=\"list-style-type: none;\">\n<ul>\n<li style=\"list-style-type: none;\">\n<ul>\n<li style=\"list-style-type: none;\"><span style=\"font-family: 'Great Vibes'; font-size: revert; color: initial;\"><div class=\"su-image-carousel  su-image-carousel-columns-3 su-image-carousel-has-spacing su-image-carousel-crop su-image-carousel-crop-16-9 su-image-carousel-has-outline su-image-carousel-adaptive su-image-carousel-slides-style-default su-image-carousel-controls-style-dark su-image-carousel-align-center\" style=\"max-width:800px\" data-flickity-options='{\"groupCells\":true,\"cellSelector\":\".su-image-carousel-item\",\"adaptiveHeight\":false,\"cellAlign\":\"left\",\"prevNextButtons\":true,\"pageDots\":true,\"autoPlay\":5000,\"imagesLoaded\":true,\"contain\":true,\"selectedAttraction\":0.007,\"friction\":0.25}' id=\"su_image_carousel_69f716f33f15a\"><div class=\"su-image-carousel-item\"><div class=\"su-image-carousel-item-content\"><a href=\"https:\/\/www.hoteleljisu.com\/wp-content\/uploads\/2026\/04\/PXCopy-13.png\" target=\"_blank\" rel=\"noopener noreferrer\" data-caption=\"\"><img loading=\"lazy\" decoding=\"async\" width=\"768\" height=\"511\" src=\"https:\/\/www.hoteleljisu.com\/wp-content\/uploads\/2026\/04\/PXCopy-13-768x511.png\" class=\"\" alt=\"\" srcset=\"https:\/\/www.hoteleljisu.com\/wp-content\/uploads\/2026\/04\/PXCopy-13-768x511.png 768w, https:\/\/www.hoteleljisu.com\/wp-content\/uploads\/2026\/04\/PXCopy-13-300x200.png 300w, https:\/\/www.hoteleljisu.com\/wp-content\/uploads\/2026\/04\/PXCopy-13.png 800w\" sizes=\"auto, (max-width: 768px) 100vw, 768px\" \/><\/a><\/div><\/div><div class=\"su-image-carousel-item\"><div class=\"su-image-carousel-item-content\"><a href=\"https:\/\/www.hoteleljisu.com\/wp-content\/uploads\/2025\/01\/WEB2-72.png\" target=\"_blank\" rel=\"noopener noreferrer\" data-caption=\"\"><img loading=\"lazy\" decoding=\"async\" width=\"711\" height=\"532\" src=\"https:\/\/www.hoteleljisu.com\/wp-content\/uploads\/2025\/01\/WEB2-72.png\" class=\"\" alt=\"Hotel Restaurante El Jisu Liebana Picos de Europa Bautizo Comui\u00f3n Boda Camale\u00f1o\" srcset=\"https:\/\/www.hoteleljisu.com\/wp-content\/uploads\/2025\/01\/WEB2-72.png 711w, https:\/\/www.hoteleljisu.com\/wp-content\/uploads\/2025\/01\/WEB2-72-300x224.png 300w\" sizes=\"auto, (max-width: 711px) 100vw, 711px\" \/><\/a><\/div><\/div><div class=\"su-image-carousel-item\"><div class=\"su-image-carousel-item-content\"><a href=\"https:\/\/www.hoteleljisu.com\/wp-content\/uploads\/2026\/04\/PXCopy-10.png\" target=\"_blank\" rel=\"noopener noreferrer\" data-caption=\"\"><img loading=\"lazy\" decoding=\"async\" width=\"768\" height=\"511\" src=\"https:\/\/www.hoteleljisu.com\/wp-content\/uploads\/2026\/04\/PXCopy-10-768x511.png\" class=\"\" alt=\"\" srcset=\"https:\/\/www.hoteleljisu.com\/wp-content\/uploads\/2026\/04\/PXCopy-10-768x511.png 768w, https:\/\/www.hoteleljisu.com\/wp-content\/uploads\/2026\/04\/PXCopy-10-300x200.png 300w, https:\/\/www.hoteleljisu.com\/wp-content\/uploads\/2026\/04\/PXCopy-10.png 800w\" sizes=\"auto, (max-width: 768px) 100vw, 768px\" \/><\/a><\/div><\/div><div class=\"su-image-carousel-item\"><div class=\"su-image-carousel-item-content\"><a href=\"https:\/\/www.hoteleljisu.com\/wp-content\/uploads\/2025\/01\/WEB2-80.png\" target=\"_blank\" rel=\"noopener noreferrer\" data-caption=\"\"><img loading=\"lazy\" decoding=\"async\" width=\"707\" height=\"532\" src=\"https:\/\/www.hoteleljisu.com\/wp-content\/uploads\/2025\/01\/WEB2-80.png\" class=\"\" alt=\"Hotel Restaurante El Jisu Liebana Picos de Europa Bautizo Comui\u00f3n Boda Camale\u00f1o\" srcset=\"https:\/\/www.hoteleljisu.com\/wp-content\/uploads\/2025\/01\/WEB2-80.png 707w, https:\/\/www.hoteleljisu.com\/wp-content\/uploads\/2025\/01\/WEB2-80-300x226.png 300w\" sizes=\"auto, (max-width: 707px) 100vw, 707px\" \/><\/a><\/div><\/div><div class=\"su-image-carousel-item\"><div class=\"su-image-carousel-item-content\"><a href=\"https:\/\/www.hoteleljisu.com\/wp-content\/uploads\/2026\/04\/PXCopy-18.png\" target=\"_blank\" rel=\"noopener noreferrer\" data-caption=\"\"><img loading=\"lazy\" decoding=\"async\" width=\"768\" height=\"511\" src=\"https:\/\/www.hoteleljisu.com\/wp-content\/uploads\/2026\/04\/PXCopy-18-768x511.png\" class=\"\" alt=\"\" srcset=\"https:\/\/www.hoteleljisu.com\/wp-content\/uploads\/2026\/04\/PXCopy-18-768x511.png 768w, https:\/\/www.hoteleljisu.com\/wp-content\/uploads\/2026\/04\/PXCopy-18-300x200.png 300w, https:\/\/www.hoteleljisu.com\/wp-content\/uploads\/2026\/04\/PXCopy-18.png 800w\" sizes=\"auto, (max-width: 768px) 100vw, 768px\" \/><\/a><\/div><\/div><div class=\"su-image-carousel-item\"><div class=\"su-image-carousel-item-content\"><a href=\"https:\/\/www.hoteleljisu.com\/wp-content\/uploads\/2025\/01\/WEB2-69.png\" target=\"_blank\" rel=\"noopener noreferrer\" data-caption=\"\"><img loading=\"lazy\" decoding=\"async\" width=\"711\" height=\"532\" src=\"https:\/\/www.hoteleljisu.com\/wp-content\/uploads\/2025\/01\/WEB2-69.png\" class=\"\" alt=\"Hotel Restaurante El Jisu Liebana Picos de Europa Bautizo Comui\u00f3n Boda Camale\u00f1o\" srcset=\"https:\/\/www.hoteleljisu.com\/wp-content\/uploads\/2025\/01\/WEB2-69.png 711w, https:\/\/www.hoteleljisu.com\/wp-content\/uploads\/2025\/01\/WEB2-69-300x224.png 300w\" sizes=\"auto, (max-width: 711px) 100vw, 711px\" \/><\/a><\/div><\/div><div class=\"su-image-carousel-item\"><div class=\"su-image-carousel-item-content\"><a href=\"https:\/\/www.hoteleljisu.com\/wp-content\/uploads\/2025\/01\/WEB2-7.png\" target=\"_blank\" rel=\"noopener noreferrer\" data-caption=\"\"><img loading=\"lazy\" decoding=\"async\" width=\"768\" height=\"511\" src=\"https:\/\/www.hoteleljisu.com\/wp-content\/uploads\/2025\/01\/WEB2-7-768x511.png\" class=\"\" alt=\"\" srcset=\"https:\/\/www.hoteleljisu.com\/wp-content\/uploads\/2025\/01\/WEB2-7-768x511.png 768w, https:\/\/www.hoteleljisu.com\/wp-content\/uploads\/2025\/01\/WEB2-7-300x200.png 300w, https:\/\/www.hoteleljisu.com\/wp-content\/uploads\/2025\/01\/WEB2-7.png 800w\" sizes=\"auto, (max-width: 768px) 100vw, 768px\" \/><\/a><\/div><\/div><div class=\"su-image-carousel-item\"><div class=\"su-image-carousel-item-content\"><a href=\"https:\/\/www.hoteleljisu.com\/wp-content\/uploads\/2025\/01\/WEB-1-70.png\" target=\"_blank\" rel=\"noopener noreferrer\" data-caption=\"\"><img loading=\"lazy\" decoding=\"async\" width=\"768\" height=\"576\" src=\"https:\/\/www.hoteleljisu.com\/wp-content\/uploads\/2025\/01\/WEB-1-70-768x576.png\" class=\"\" alt=\"\" srcset=\"https:\/\/www.hoteleljisu.com\/wp-content\/uploads\/2025\/01\/WEB-1-70-768x576.png 768w, https:\/\/www.hoteleljisu.com\/wp-content\/uploads\/2025\/01\/WEB-1-70-300x225.png 300w, https:\/\/www.hoteleljisu.com\/wp-content\/uploads\/2025\/01\/WEB-1-70.png 1024w\" sizes=\"auto, (max-width: 768px) 100vw, 768px\" \/><\/a><\/div><\/div><div class=\"su-image-carousel-item\"><div class=\"su-image-carousel-item-content\"><a href=\"https:\/\/www.hoteleljisu.com\/wp-content\/uploads\/2025\/01\/WEB-1-1-e1737996259370.png\" target=\"_blank\" rel=\"noopener noreferrer\" data-caption=\"\"><img loading=\"lazy\" decoding=\"async\" width=\"768\" height=\"511\" src=\"https:\/\/www.hoteleljisu.com\/wp-content\/uploads\/2025\/01\/WEB-1-1-768x511.png\" class=\"\" alt=\"\" srcset=\"https:\/\/www.hoteleljisu.com\/wp-content\/uploads\/2025\/01\/WEB-1-1-768x511.png 768w, https:\/\/www.hoteleljisu.com\/wp-content\/uploads\/2025\/01\/WEB-1-1-300x200.png 300w, https:\/\/www.hoteleljisu.com\/wp-content\/uploads\/2025\/01\/WEB-1-1-1024x681.png 1024w, https:\/\/www.hoteleljisu.com\/wp-content\/uploads\/2025\/01\/WEB-1-1-e1737996259370.png 800w\" sizes=\"auto, (max-width: 768px) 100vw, 768px\" \/><\/a><\/div><\/div><div class=\"su-image-carousel-item\"><div class=\"su-image-carousel-item-content\"><a href=\"https:\/\/www.hoteleljisu.com\/wp-content\/uploads\/2025\/01\/WEB2-53.png\" target=\"_blank\" rel=\"noopener noreferrer\" data-caption=\"\"><img loading=\"lazy\" decoding=\"async\" width=\"710\" height=\"532\" src=\"https:\/\/www.hoteleljisu.com\/wp-content\/uploads\/2025\/01\/WEB2-53.png\" class=\"\" alt=\"Hotel Restaurante El Jisu Liebana Picos de Europa Bautizo Comui\u00f3n Boda Camale\u00f1o\" srcset=\"https:\/\/www.hoteleljisu.com\/wp-content\/uploads\/2025\/01\/WEB2-53.png 710w, https:\/\/www.hoteleljisu.com\/wp-content\/uploads\/2025\/01\/WEB2-53-300x225.png 300w\" sizes=\"auto, (max-width: 710px) 100vw, 710px\" \/><\/a><\/div><\/div><div class=\"su-image-carousel-item\"><div class=\"su-image-carousel-item-content\"><a href=\"https:\/\/www.hoteleljisu.com\/wp-content\/uploads\/2020\/03\/DSC_0310-Copy-e1737996207246.png\" target=\"_blank\" rel=\"noopener noreferrer\" data-caption=\"\"><img loading=\"lazy\" decoding=\"async\" width=\"768\" height=\"511\" src=\"https:\/\/www.hoteleljisu.com\/wp-content\/uploads\/2020\/03\/DSC_0310-Copy-768x511.png\" class=\"\" alt=\"\" srcset=\"https:\/\/www.hoteleljisu.com\/wp-content\/uploads\/2020\/03\/DSC_0310-Copy-768x511.png 768w, https:\/\/www.hoteleljisu.com\/wp-content\/uploads\/2020\/03\/DSC_0310-Copy-300x200.png 300w, https:\/\/www.hoteleljisu.com\/wp-content\/uploads\/2020\/03\/DSC_0310-Copy-e1737996207246.png 800w\" sizes=\"auto, (max-width: 768px) 100vw, 768px\" \/><\/a><\/div><\/div><div class=\"su-image-carousel-item\"><div class=\"su-image-carousel-item-content\"><a href=\"https:\/\/www.hoteleljisu.com\/wp-content\/uploads\/2020\/05\/el-jisu-2017_819-scaled-e1737997310700.jpg\" target=\"_blank\" rel=\"noopener noreferrer\" data-caption=\"\"><img loading=\"lazy\" decoding=\"async\" width=\"768\" height=\"511\" src=\"https:\/\/www.hoteleljisu.com\/wp-content\/uploads\/2020\/05\/el-jisu-2017_819-768x511.jpg\" class=\"\" alt=\"\" srcset=\"https:\/\/www.hoteleljisu.com\/wp-content\/uploads\/2020\/05\/el-jisu-2017_819-768x511.jpg 768w, https:\/\/www.hoteleljisu.com\/wp-content\/uploads\/2020\/05\/el-jisu-2017_819-300x199.jpg 300w, https:\/\/www.hoteleljisu.com\/wp-content\/uploads\/2020\/05\/el-jisu-2017_819-1024x681.jpg 1024w, https:\/\/www.hoteleljisu.com\/wp-content\/uploads\/2020\/05\/el-jisu-2017_819-1536x1021.jpg 1536w, https:\/\/www.hoteleljisu.com\/wp-content\/uploads\/2020\/05\/el-jisu-2017_819-2048x1362.jpg 2048w\" sizes=\"auto, (max-width: 768px) 100vw, 768px\" \/><\/a><\/div><\/div><div class=\"su-image-carousel-item\"><div class=\"su-image-carousel-item-content\"><a href=\"https:\/\/www.hoteleljisu.com\/wp-content\/uploads\/2026\/04\/PXCopy-14.png\" target=\"_blank\" rel=\"noopener noreferrer\" data-caption=\"\"><img loading=\"lazy\" decoding=\"async\" width=\"768\" height=\"511\" src=\"https:\/\/www.hoteleljisu.com\/wp-content\/uploads\/2026\/04\/PXCopy-14-768x511.png\" class=\"\" alt=\"\" srcset=\"https:\/\/www.hoteleljisu.com\/wp-content\/uploads\/2026\/04\/PXCopy-14-768x511.png 768w, https:\/\/www.hoteleljisu.com\/wp-content\/uploads\/2026\/04\/PXCopy-14-300x200.png 300w, https:\/\/www.hoteleljisu.com\/wp-content\/uploads\/2026\/04\/PXCopy-14.png 800w\" sizes=\"auto, (max-width: 768px) 100vw, 768px\" \/><\/a><\/div><\/div><\/div><script id=\"su_image_carousel_69f716f33f15a_script\">if(window.SUImageCarousel){setTimeout(function() {window.SUImageCarousel.initGallery(document.getElementById(\"su_image_carousel_69f716f33f15a\"))}, 0);}var su_image_carousel_69f716f33f15a_script=document.getElementById(\"su_image_carousel_69f716f33f15a_script\");if(su_image_carousel_69f716f33f15a_script){su_image_carousel_69f716f33f15a_script.parentNode.removeChild(su_image_carousel_69f716f33f15a_script);}<\/script><\/span><\/li>\n<\/ul>\n<\/li>\n<\/ul>\n<\/li>\n<\/ul>\n<p style=\"text-align: center;\">\u00a0<\/p>\n<p><span style=\"font-family: 'Great Vibes'; font-size: 31px; color: #008000;\">Otros Servicios<\/span><\/p>\n<p style=\"text-align: center;\"><span style=\"font-family: 'Lobster Two'; font-size: 27px;\">Los clientes alojados en el hotel tiene a su disposici\u00f3n un servicio de Cafeter\u00eda de 08:00 a 23:00 tanto en las Terrazas como en el Sal\u00f3n Social.<\/span><\/p>\n<p>\u00a0<\/p>\n<p style=\"text-align: center;\"><span style=\"font-family: 'Lobster Two'; font-size: 27px;\">Adem\u00e1s tenemos 3 Tipos de Desayunos de 08:30 a 10:30:<\/span><\/p>\n<p>\u00a0<\/p>\n<ul>\n<li style=\"list-style-type: none;\">\n<ul>\n<li style=\"list-style-type: none;\">\n<ul>\n<li style=\"list-style-type: none;\">\n<ul>\n<li style=\"list-style-type: none;\">\n<ul>\n<li><span style=\"font-family: 'Lobster Two'; font-size: 21px;\">Desayuno R\u00e1pido\u00a0 \u00a0 \u00a0 \u00a0 \u00a0 \u00a0 \u00a0 \u00a05\u20ac\/persona<br \/>(caf\u00e9, cola cao o infusi\u00f3n y tostadas de pan local con tomate, mantequilla y mermelada)<br \/><\/span><\/li>\n<\/ul>\n<\/li>\n<\/ul>\n<\/li>\n<\/ul>\n<\/li>\n<\/ul>\n<\/li>\n<\/ul>\n<p>\u00a0<\/p>\n<ul>\n<li style=\"list-style-type: none;\">\n<ul>\n<li style=\"list-style-type: none;\">\n<ul>\n<li style=\"list-style-type: none;\">\n<ul>\n<li style=\"list-style-type: none;\">\n<ul>\n<li><span style=\"font-family: 'Lobster Two'; font-size: 21px;\">\u00a0Desayuno Especial\u00a0 \u00a0 \u00a0 \u00a0 \u00a0 \u00a0 7\u20ac\/persona\u00a0<br \/>(desayuno r\u00e1pido con una pieza de fruta o zumo de naranja natural)<\/span><\/li>\n<\/ul>\n<\/li>\n<\/ul>\n<\/li>\n<\/ul>\n<\/li>\n<\/ul>\n<\/li>\n<\/ul>\n<p>\u00a0<\/p>\n<ul>\n<li style=\"list-style-type: none;\">\n<ul>\n<li style=\"list-style-type: none;\">\n<ul>\n<li style=\"list-style-type: none;\">\n<ul>\n<li style=\"list-style-type: none;\">\n<ul>\n<li><span style=\"font-family: 'Lobster Two'; font-size: 21px;\">Desayuno Continental\u00a0 \u00a0 \u00a0 12\u20ac\/persona <br \/>(desayuno especial con jam\u00f3n y queso local, muesli, bizcocho casero o reposter\u00eda local y yogur casero)<\/span><\/li>\n<\/ul>\n<\/li>\n<\/ul>\n<\/li>\n<\/ul>\n<\/li>\n<\/ul>\n<\/li>\n<\/ul>\n<p>\u00a0<\/p>\n<p style=\"text-align: center;\"><span style=\"font-family: 'Lobster Two'; font-size: 27px;\">En el Restaurante ofrecemos una amplia variedad de platos de la cocina c\u00e1ntabra realizados con productos naturales y siempre que sea posible locales o de kilometro 0.<\/span><\/p>\n<p>\u00a0<\/p>\n<p style=\"text-align: center;\"><span style=\"font-family: 'Lobster Two'; font-size: 27px;\">El Restaurante est\u00e1 abierto para los clientes alojados en el hotel todos los d\u00edas para el servicio de Cenas y si quieren comer en el hotel, pueden reservar mesa la noche anterior.<\/span><\/p>\n<p>\u00a0<\/p>\n<p style=\"padding-left: 320px;\"><span style=\"font-family: 'Lobster Two'; font-size: 24px;\">Comidas de 13:30h a 15:00h.<\/span><br \/><span style=\"font-family: 'Lobster Two'; font-size: 24px;\">Cenas de 20:00h a 22:00h.<\/span><\/p>\n<p>\u00a0<\/p>\n<p style=\"text-align: center;\"><span style=\"font-family: 'Great Vibes'; font-size: 30px; color: #008000;\"><span style=\"font-family: Satisfy;\">Si quiere realizar la reserva,<\/span><br \/><span style=\"font-family: Satisfy;\"> puede hacerlo directamente<\/span> <span style=\"font-family: 'comic sans ms', sans-serif;\"><a style=\"color: #008000;\" href=\"https:\/\/secure.bookerclub.com\/cgi-bin\/index.pl?_state=Hotels&amp;itable=hotel&amp;searchtype=b&amp;aid=92&amp;iindex=456&amp;lang=es&amp;currency=eur\">AQUI\u00a0<\/a> <\/span><span style=\"font-family: Satisfy;\">y conseguir\u00e1 las mejores condiciones de reserva.<\/span><\/span><\/p>\n\n\n<div style=\"height:71px\" aria-hidden=\"true\" class=\"wp-block-spacer\"><\/div>\n\n\n<p><span style=\"font-size: 22px; font-family: 'book antiqua', palatino;\"><a href=\"https:\/\/www.hoteleljisu.com\/index.php\/tarifas-2\/\">CONDICIONES DE RESERVA<\/a><\/span><\/p>\n\n\n<p><\/p>\n","protected":false},"excerpt":{"rendered":"<p>Hotel rural con Piscina El Hotel Jisu es un peque\u00f1o hotel rural de 3 estrellas en los Picos de Europa construido en la d\u00e9cada de los 90 por una familia de la comarca lebaniega que lo regent\u00f3 hasta el 2017 que lo compramos nosotros con el objetivo de vivir en el medio rural. Desde que [&hellip;]<\/p>\n","protected":false},"author":1,"featured_media":0,"parent":0,"menu_order":2,"comment_status":"closed","ping_status":"closed","template":"","meta":{"footnotes":""},"class_list":["post-496","page","type-page","status-publish","hentry"],"yoast_head":"<!-- This site is optimized with the Yoast SEO plugin v26.8 - https:\/\/yoast.com\/product\/yoast-seo-wordpress\/ -->\n<title>Alojamiento El Jisu, Hotel en Potes, Li\u00e9bana, Picos de Europa<\/title>\n<meta name=\"description\" content=\"C\u00f3modo Hotel 3 estrellas en Picos de Europa, a 15 km del Telef\u00e9rico de Fuente D\u00e9 y 8 km del Monasterio de Santo Toribio. Alojamiento a buen precio en Li\u00e9bana. Ricos Desayunos. Sal\u00f3n Social con Chimenea. Piscina.\" \/>\n<meta name=\"robots\" content=\"index, follow, max-snippet:-1, max-image-preview:large, max-video-preview:-1\" \/>\n<link rel=\"canonical\" href=\"https:\/\/www.hoteleljisu.com\/index.php\/hotel-2\/\" \/>\n<meta property=\"og:locale\" content=\"es_ES\" \/>\n<meta property=\"og:type\" content=\"article\" \/>\n<meta property=\"og:title\" content=\"Alojamiento El Jisu, Hotel en Potes, Li\u00e9bana, Picos de Europa\" \/>\n<meta property=\"og:description\" content=\"C\u00f3modo Hotel 3 estrellas en Picos de Europa, a 15 km del Telef\u00e9rico de Fuente D\u00e9 y 8 km del Monasterio de Santo Toribio. Alojamiento a buen precio en Li\u00e9bana. Ricos Desayunos. Sal\u00f3n Social con Chimenea. Piscina.\" \/>\n<meta property=\"og:url\" content=\"https:\/\/www.hoteleljisu.com\/index.php\/hotel-2\/\" \/>\n<meta property=\"og:site_name\" content=\"Hotel Rte. EL Jisu Web Oficial\u00ae\" \/>\n<meta property=\"article:publisher\" content=\"https:\/\/www.facebook.com\/hreljisu\/\" \/>\n<meta property=\"article:modified_time\" content=\"2026-04-27T09:29:49+00:00\" \/>\n<meta name=\"twitter:card\" content=\"summary_large_image\" \/>\n<meta name=\"twitter:label1\" content=\"Tiempo de lectura\" \/>\n\t<meta name=\"twitter:data1\" content=\"3 minutos\" \/>\n<script type=\"application\/ld+json\" class=\"yoast-schema-graph\">{\"@context\":\"https:\/\/schema.org\",\"@graph\":[{\"@type\":\"WebPage\",\"@id\":\"https:\/\/www.hoteleljisu.com\/index.php\/hotel-2\/\",\"url\":\"https:\/\/www.hoteleljisu.com\/index.php\/hotel-2\/\",\"name\":\"Alojamiento El Jisu, Hotel en Potes, Li\u00e9bana, Picos de Europa\",\"isPartOf\":{\"@id\":\"https:\/\/www.hoteleljisu.com\/#website\"},\"datePublished\":\"2017-05-31T22:32:22+00:00\",\"dateModified\":\"2026-04-27T09:29:49+00:00\",\"description\":\"C\u00f3modo Hotel 3 estrellas en Picos de Europa, a 15 km del Telef\u00e9rico de Fuente D\u00e9 y 8 km del Monasterio de Santo Toribio. Alojamiento a buen precio en Li\u00e9bana. Ricos Desayunos. Sal\u00f3n Social con Chimenea. Piscina.\",\"breadcrumb\":{\"@id\":\"https:\/\/www.hoteleljisu.com\/index.php\/hotel-2\/#breadcrumb\"},\"inLanguage\":\"es\",\"potentialAction\":[{\"@type\":\"ReadAction\",\"target\":[\"https:\/\/www.hoteleljisu.com\/index.php\/hotel-2\/\"]}]},{\"@type\":\"BreadcrumbList\",\"@id\":\"https:\/\/www.hoteleljisu.com\/index.php\/hotel-2\/#breadcrumb\",\"itemListElement\":[{\"@type\":\"ListItem\",\"position\":1,\"name\":\"Portada\",\"item\":\"https:\/\/www.hoteleljisu.com\/\"},{\"@type\":\"ListItem\",\"position\":2,\"name\":\"Hotel en Picos de Europa\"}]},{\"@type\":\"WebSite\",\"@id\":\"https:\/\/www.hoteleljisu.com\/#website\",\"url\":\"https:\/\/www.hoteleljisu.com\/\",\"name\":\"Hotel Rte. EL Jisu Web Oficial\u00ae\",\"description\":\"Liebana  - Picos de Europa\",\"publisher\":{\"@id\":\"https:\/\/www.hoteleljisu.com\/#organization\"},\"potentialAction\":[{\"@type\":\"SearchAction\",\"target\":{\"@type\":\"EntryPoint\",\"urlTemplate\":\"https:\/\/www.hoteleljisu.com\/?s={search_term_string}\"},\"query-input\":{\"@type\":\"PropertyValueSpecification\",\"valueRequired\":true,\"valueName\":\"search_term_string\"}}],\"inLanguage\":\"es\"},{\"@type\":\"Organization\",\"@id\":\"https:\/\/www.hoteleljisu.com\/#organization\",\"name\":\"Hotel Rte. El Jisu\",\"url\":\"https:\/\/www.hoteleljisu.com\/\",\"logo\":{\"@type\":\"ImageObject\",\"inLanguage\":\"es\",\"@id\":\"https:\/\/www.hoteleljisu.com\/#\/schema\/logo\/image\/\",\"url\":\"\",\"contentUrl\":\"\",\"caption\":\"Hotel Rte. El Jisu\"},\"image\":{\"@id\":\"https:\/\/www.hoteleljisu.com\/#\/schema\/logo\/image\/\"},\"sameAs\":[\"https:\/\/www.facebook.com\/hreljisu\/\",\"https:\/\/www.instagram.com\/hreljisu\/\"]}]}<\/script>\n<!-- \/ Yoast SEO plugin. -->","yoast_head_json":{"title":"Alojamiento El Jisu, Hotel en Potes, Li\u00e9bana, Picos de Europa","description":"C\u00f3modo Hotel 3 estrellas en Picos de Europa, a 15 km del Telef\u00e9rico de Fuente D\u00e9 y 8 km del Monasterio de Santo Toribio. Alojamiento a buen precio en Li\u00e9bana. Ricos Desayunos. Sal\u00f3n Social con Chimenea. Piscina.","robots":{"index":"index","follow":"follow","max-snippet":"max-snippet:-1","max-image-preview":"max-image-preview:large","max-video-preview":"max-video-preview:-1"},"canonical":"https:\/\/www.hoteleljisu.com\/index.php\/hotel-2\/","og_locale":"es_ES","og_type":"article","og_title":"Alojamiento El Jisu, Hotel en Potes, Li\u00e9bana, Picos de Europa","og_description":"C\u00f3modo Hotel 3 estrellas en Picos de Europa, a 15 km del Telef\u00e9rico de Fuente D\u00e9 y 8 km del Monasterio de Santo Toribio. Alojamiento a buen precio en Li\u00e9bana. Ricos Desayunos. Sal\u00f3n Social con Chimenea. Piscina.","og_url":"https:\/\/www.hoteleljisu.com\/index.php\/hotel-2\/","og_site_name":"Hotel Rte. EL Jisu Web Oficial\u00ae","article_publisher":"https:\/\/www.facebook.com\/hreljisu\/","article_modified_time":"2026-04-27T09:29:49+00:00","twitter_card":"summary_large_image","twitter_misc":{"Tiempo de lectura":"3 minutos"},"schema":{"@context":"https:\/\/schema.org","@graph":[{"@type":"WebPage","@id":"https:\/\/www.hoteleljisu.com\/index.php\/hotel-2\/","url":"https:\/\/www.hoteleljisu.com\/index.php\/hotel-2\/","name":"Alojamiento El Jisu, Hotel en Potes, Li\u00e9bana, Picos de Europa","isPartOf":{"@id":"https:\/\/www.hoteleljisu.com\/#website"},"datePublished":"2017-05-31T22:32:22+00:00","dateModified":"2026-04-27T09:29:49+00:00","description":"C\u00f3modo Hotel 3 estrellas en Picos de Europa, a 15 km del Telef\u00e9rico de Fuente D\u00e9 y 8 km del Monasterio de Santo Toribio. Alojamiento a buen precio en Li\u00e9bana. Ricos Desayunos. Sal\u00f3n Social con Chimenea. Piscina.","breadcrumb":{"@id":"https:\/\/www.hoteleljisu.com\/index.php\/hotel-2\/#breadcrumb"},"inLanguage":"es","potentialAction":[{"@type":"ReadAction","target":["https:\/\/www.hoteleljisu.com\/index.php\/hotel-2\/"]}]},{"@type":"BreadcrumbList","@id":"https:\/\/www.hoteleljisu.com\/index.php\/hotel-2\/#breadcrumb","itemListElement":[{"@type":"ListItem","position":1,"name":"Portada","item":"https:\/\/www.hoteleljisu.com\/"},{"@type":"ListItem","position":2,"name":"Hotel en Picos de Europa"}]},{"@type":"WebSite","@id":"https:\/\/www.hoteleljisu.com\/#website","url":"https:\/\/www.hoteleljisu.com\/","name":"Hotel Rte. EL Jisu Web Oficial\u00ae","description":"Liebana  - Picos de Europa","publisher":{"@id":"https:\/\/www.hoteleljisu.com\/#organization"},"potentialAction":[{"@type":"SearchAction","target":{"@type":"EntryPoint","urlTemplate":"https:\/\/www.hoteleljisu.com\/?s={search_term_string}"},"query-input":{"@type":"PropertyValueSpecification","valueRequired":true,"valueName":"search_term_string"}}],"inLanguage":"es"},{"@type":"Organization","@id":"https:\/\/www.hoteleljisu.com\/#organization","name":"Hotel Rte. El Jisu","url":"https:\/\/www.hoteleljisu.com\/","logo":{"@type":"ImageObject","inLanguage":"es","@id":"https:\/\/www.hoteleljisu.com\/#\/schema\/logo\/image\/","url":"","contentUrl":"","caption":"Hotel Rte. El Jisu"},"image":{"@id":"https:\/\/www.hoteleljisu.com\/#\/schema\/logo\/image\/"},"sameAs":["https:\/\/www.facebook.com\/hreljisu\/","https:\/\/www.instagram.com\/hreljisu\/"]}]}},"_links":{"self":[{"href":"https:\/\/www.hoteleljisu.com\/index.php\/wp-json\/wp\/v2\/pages\/496","targetHints":{"allow":["GET"]}}],"collection":[{"href":"https:\/\/www.hoteleljisu.com\/index.php\/wp-json\/wp\/v2\/pages"}],"about":[{"href":"https:\/\/www.hoteleljisu.com\/index.php\/wp-json\/wp\/v2\/types\/page"}],"author":[{"embeddable":true,"href":"https:\/\/www.hoteleljisu.com\/index.php\/wp-json\/wp\/v2\/users\/1"}],"replies":[{"embeddable":true,"href":"https:\/\/www.hoteleljisu.com\/index.php\/wp-json\/wp\/v2\/comments?post=496"}],"version-history":[{"count":129,"href":"https:\/\/www.hoteleljisu.com\/index.php\/wp-json\/wp\/v2\/pages\/496\/revisions"}],"predecessor-version":[{"id":2273,"href":"https:\/\/www.hoteleljisu.com\/index.php\/wp-json\/wp\/v2\/pages\/496\/revisions\/2273"}],"wp:attachment":[{"href":"https:\/\/www.hoteleljisu.com\/index.php\/wp-json\/wp\/v2\/media?parent=496"}],"curies":[{"name":"wp","href":"https:\/\/api.w.org\/{rel}","templated":true}]}}