{"id":95,"date":"2016-12-08T08:30:27","date_gmt":"2016-12-08T08:30:27","guid":{"rendered":"http:\/\/demo.precisethemes.com\/courtyard\/?page_id=95"},"modified":"2026-04-27T10:25:33","modified_gmt":"2026-04-27T10:25:33","slug":"eventos-2","status":"publish","type":"page","link":"https:\/\/www.hoteleljisu.com\/index.php\/eventos-2\/","title":{"rendered":"Eventos y Celebraciones"},"content":{"rendered":"<p style=\"text-align: center;\"><span style=\"color: #333300; font-family: 'Lobster Two'; font-size: 27px;\">En nuestra finca ofrecemos la posibilidad de organizar eventos de cualquier tama\u00f1o, ya sean de reuniones de trabajo o cualquier tipo de celebraci\u00f3n religiosa o informal con familiares y\/o amigos.<\/span><\/p>\n<p>\u00a0<\/p>\n<p style=\"text-align: center;\"><span style=\"color: #333300; font-size: 27px; font-family: 'Lobster Two';\">Como restaurante, podemos preparar men\u00fas especiales en funci\u00f3n de los gustos y preferencias gastron\u00f3micas de nuestros clientes para grupos de m\u00e1ximo 45 personas, ya sea en el comedor interior como en la terraza. <\/span><\/p>\n<p style=\"text-align: center;\"><span style=\"color: #333300; font-size: 27px; font-family: 'Lobster Two';\">No tenemos men\u00fas por lo que nos adaptamos a su idea.<\/span><\/p>\n<p style=\"text-align: center;\">\u00a0<\/p>\n<p style=\"text-align: center;\"><div class=\"su-image-carousel  su-image-carousel-columns-3 su-image-carousel-has-spacing su-image-carousel-crop su-image-carousel-crop-16-9 su-image-carousel-has-outline su-image-carousel-adaptive su-image-carousel-slides-style-default su-image-carousel-controls-style-dark su-image-carousel-align-none\" style=\"max-width:900px\" data-flickity-options='{\"groupCells\":true,\"cellSelector\":\".su-image-carousel-item\",\"adaptiveHeight\":false,\"cellAlign\":\"left\",\"prevNextButtons\":true,\"pageDots\":true,\"autoPlay\":5000,\"imagesLoaded\":true,\"contain\":true,\"selectedAttraction\":0.007,\"friction\":0.25}' id=\"su_image_carousel_69f5cab09cf2f\"><div class=\"su-image-carousel-item\"><div class=\"su-image-carousel-item-content\"><a href=\"https:\/\/www.hoteleljisu.com\/wp-content\/uploads\/2025\/01\/WEB2-15.png\" target=\"_blank\" rel=\"noopener noreferrer\" data-caption=\"\"><img loading=\"lazy\" decoding=\"async\" width=\"768\" height=\"432\" src=\"https:\/\/www.hoteleljisu.com\/wp-content\/uploads\/2025\/01\/WEB2-15-768x432.png\" class=\"\" alt=\"Hotel Restaurante El Jisu Liebana Picos de Europa Bautizo Comui\u00f3n Boda Camale\u00f1o\" srcset=\"https:\/\/www.hoteleljisu.com\/wp-content\/uploads\/2025\/01\/WEB2-15-768x432.png 768w, https:\/\/www.hoteleljisu.com\/wp-content\/uploads\/2025\/01\/WEB2-15-300x169.png 300w, https:\/\/www.hoteleljisu.com\/wp-content\/uploads\/2025\/01\/WEB2-15.png 800w\" sizes=\"auto, (max-width: 768px) 100vw, 768px\" \/><\/a><\/div><\/div><div class=\"su-image-carousel-item\"><div class=\"su-image-carousel-item-content\"><a href=\"https:\/\/www.hoteleljisu.com\/wp-content\/uploads\/2025\/01\/WEB2-63.png\" target=\"_blank\" rel=\"noopener noreferrer\" data-caption=\"\"><img loading=\"lazy\" decoding=\"async\" width=\"707\" height=\"532\" src=\"https:\/\/www.hoteleljisu.com\/wp-content\/uploads\/2025\/01\/WEB2-63.png\" class=\"\" alt=\"Hotel Restaurante El Jisu Liebana Picos de Europa Bautizo Comui\u00f3n Boda Camale\u00f1o\" srcset=\"https:\/\/www.hoteleljisu.com\/wp-content\/uploads\/2025\/01\/WEB2-63.png 707w, https:\/\/www.hoteleljisu.com\/wp-content\/uploads\/2025\/01\/WEB2-63-300x226.png 300w\" sizes=\"auto, (max-width: 707px) 100vw, 707px\" \/><\/a><\/div><\/div><div class=\"su-image-carousel-item\"><div class=\"su-image-carousel-item-content\"><a href=\"https:\/\/www.hoteleljisu.com\/wp-content\/uploads\/2025\/01\/WEB2-18.png\" target=\"_blank\" rel=\"noopener noreferrer\" data-caption=\"\"><img loading=\"lazy\" decoding=\"async\" width=\"707\" height=\"532\" src=\"https:\/\/www.hoteleljisu.com\/wp-content\/uploads\/2025\/01\/WEB2-18.png\" class=\"\" alt=\"Hotel Restaurante El Jisu Liebana Picos de Europa Bautizo Comui\u00f3n Boda Camale\u00f1o\" srcset=\"https:\/\/www.hoteleljisu.com\/wp-content\/uploads\/2025\/01\/WEB2-18.png 707w, https:\/\/www.hoteleljisu.com\/wp-content\/uploads\/2025\/01\/WEB2-18-300x226.png 300w\" sizes=\"auto, (max-width: 707px) 100vw, 707px\" \/><\/a><\/div><\/div><div class=\"su-image-carousel-item\"><div class=\"su-image-carousel-item-content\"><a href=\"https:\/\/www.hoteleljisu.com\/wp-content\/uploads\/2025\/01\/WEB2-13.png\" target=\"_blank\" rel=\"noopener noreferrer\" data-caption=\"\"><img loading=\"lazy\" decoding=\"async\" width=\"398\" height=\"532\" src=\"https:\/\/www.hoteleljisu.com\/wp-content\/uploads\/2025\/01\/WEB2-13.png\" class=\"\" alt=\"\" srcset=\"https:\/\/www.hoteleljisu.com\/wp-content\/uploads\/2025\/01\/WEB2-13.png 398w, https:\/\/www.hoteleljisu.com\/wp-content\/uploads\/2025\/01\/WEB2-13-224x300.png 224w\" sizes=\"auto, (max-width: 398px) 100vw, 398px\" \/><\/a><\/div><\/div><div class=\"su-image-carousel-item\"><div class=\"su-image-carousel-item-content\"><a href=\"https:\/\/www.hoteleljisu.com\/wp-content\/uploads\/2025\/01\/WEB2-85.png\" target=\"_blank\" rel=\"noopener noreferrer\" data-caption=\"\"><img loading=\"lazy\" decoding=\"async\" width=\"710\" height=\"532\" src=\"https:\/\/www.hoteleljisu.com\/wp-content\/uploads\/2025\/01\/WEB2-85.png\" class=\"\" alt=\"Hotel Restaurante El Jisu Liebana Picos de Europa Bautizo Comui\u00f3n Boda Camale\u00f1o\" srcset=\"https:\/\/www.hoteleljisu.com\/wp-content\/uploads\/2025\/01\/WEB2-85.png 710w, https:\/\/www.hoteleljisu.com\/wp-content\/uploads\/2025\/01\/WEB2-85-300x225.png 300w\" sizes=\"auto, (max-width: 710px) 100vw, 710px\" \/><\/a><\/div><\/div><div class=\"su-image-carousel-item\"><div class=\"su-image-carousel-item-content\"><a href=\"https:\/\/www.hoteleljisu.com\/wp-content\/uploads\/2025\/01\/WEB2-12.png\" target=\"_blank\" rel=\"noopener noreferrer\" data-caption=\"\"><img loading=\"lazy\" decoding=\"async\" width=\"398\" height=\"532\" src=\"https:\/\/www.hoteleljisu.com\/wp-content\/uploads\/2025\/01\/WEB2-12.png\" class=\"\" alt=\"\" srcset=\"https:\/\/www.hoteleljisu.com\/wp-content\/uploads\/2025\/01\/WEB2-12.png 398w, https:\/\/www.hoteleljisu.com\/wp-content\/uploads\/2025\/01\/WEB2-12-224x300.png 224w\" sizes=\"auto, (max-width: 398px) 100vw, 398px\" \/><\/a><\/div><\/div><div class=\"su-image-carousel-item\"><div class=\"su-image-carousel-item-content\"><a href=\"https:\/\/www.hoteleljisu.com\/wp-content\/uploads\/2025\/01\/WEB2-88.png\" target=\"_blank\" rel=\"noopener noreferrer\" data-caption=\"\"><img loading=\"lazy\" decoding=\"async\" width=\"399\" height=\"532\" src=\"https:\/\/www.hoteleljisu.com\/wp-content\/uploads\/2025\/01\/WEB2-88.png\" class=\"\" alt=\"chuleta Hotel Restaurante El Jisu Liebana Picos de Europa Bautizo Comui\u00f3n Boda Camale\u00f1o\" srcset=\"https:\/\/www.hoteleljisu.com\/wp-content\/uploads\/2025\/01\/WEB2-88.png 399w, https:\/\/www.hoteleljisu.com\/wp-content\/uploads\/2025\/01\/WEB2-88-225x300.png 225w\" sizes=\"auto, (max-width: 399px) 100vw, 399px\" \/><\/a><\/div><\/div><div class=\"su-image-carousel-item\"><div class=\"su-image-carousel-item-content\"><a href=\"https:\/\/www.hoteleljisu.com\/wp-content\/uploads\/2025\/01\/WEB2-22.png\" target=\"_blank\" rel=\"noopener noreferrer\" data-caption=\"\"><img loading=\"lazy\" decoding=\"async\" width=\"707\" height=\"532\" src=\"https:\/\/www.hoteleljisu.com\/wp-content\/uploads\/2025\/01\/WEB2-22.png\" class=\"\" alt=\"Hotel Restaurante El Jisu Liebana Picos de Europa Bautizo Comui\u00f3n Boda Camale\u00f1o\" srcset=\"https:\/\/www.hoteleljisu.com\/wp-content\/uploads\/2025\/01\/WEB2-22.png 707w, https:\/\/www.hoteleljisu.com\/wp-content\/uploads\/2025\/01\/WEB2-22-300x226.png 300w\" sizes=\"auto, (max-width: 707px) 100vw, 707px\" \/><\/a><\/div><\/div><div class=\"su-image-carousel-item\"><div class=\"su-image-carousel-item-content\"><a href=\"https:\/\/www.hoteleljisu.com\/wp-content\/uploads\/2025\/01\/WEB2-47.png\" target=\"_blank\" rel=\"noopener noreferrer\" data-caption=\"\"><img loading=\"lazy\" decoding=\"async\" width=\"711\" height=\"532\" src=\"https:\/\/www.hoteleljisu.com\/wp-content\/uploads\/2025\/01\/WEB2-47.png\" class=\"\" alt=\"Hotel Restaurante El Jisu Liebana Picos de Europa Bautizo Comui\u00f3n Boda Camale\u00f1o\" srcset=\"https:\/\/www.hoteleljisu.com\/wp-content\/uploads\/2025\/01\/WEB2-47.png 711w, https:\/\/www.hoteleljisu.com\/wp-content\/uploads\/2025\/01\/WEB2-47-300x224.png 300w\" sizes=\"auto, (max-width: 711px) 100vw, 711px\" \/><\/a><\/div><\/div><div class=\"su-image-carousel-item\"><div class=\"su-image-carousel-item-content\"><a href=\"https:\/\/www.hoteleljisu.com\/wp-content\/uploads\/2025\/01\/WEB2-58.png\" target=\"_blank\" rel=\"noopener noreferrer\" data-caption=\"\"><img loading=\"lazy\" decoding=\"async\" width=\"710\" height=\"532\" src=\"https:\/\/www.hoteleljisu.com\/wp-content\/uploads\/2025\/01\/WEB2-58.png\" class=\"\" alt=\"Hotel Restaurante El Jisu Liebana Picos de Europa Bautizo Comui\u00f3n Boda Camale\u00f1o\" srcset=\"https:\/\/www.hoteleljisu.com\/wp-content\/uploads\/2025\/01\/WEB2-58.png 710w, https:\/\/www.hoteleljisu.com\/wp-content\/uploads\/2025\/01\/WEB2-58-300x225.png 300w\" sizes=\"auto, (max-width: 710px) 100vw, 710px\" \/><\/a><\/div><\/div><div class=\"su-image-carousel-item\"><div class=\"su-image-carousel-item-content\"><a href=\"https:\/\/www.hoteleljisu.com\/wp-content\/uploads\/2025\/01\/WEB2-19.png\" target=\"_blank\" rel=\"noopener noreferrer\" data-caption=\"\"><img loading=\"lazy\" decoding=\"async\" width=\"768\" height=\"432\" src=\"https:\/\/www.hoteleljisu.com\/wp-content\/uploads\/2025\/01\/WEB2-19-768x432.png\" class=\"\" alt=\"Hotel Restaurante El Jisu Liebana Picos de Europa Bautizo Comui\u00f3n Boda Camale\u00f1o\" srcset=\"https:\/\/www.hoteleljisu.com\/wp-content\/uploads\/2025\/01\/WEB2-19-768x432.png 768w, https:\/\/www.hoteleljisu.com\/wp-content\/uploads\/2025\/01\/WEB2-19-300x169.png 300w, https:\/\/www.hoteleljisu.com\/wp-content\/uploads\/2025\/01\/WEB2-19.png 800w\" sizes=\"auto, (max-width: 768px) 100vw, 768px\" \/><\/a><\/div><\/div><div class=\"su-image-carousel-item\"><div class=\"su-image-carousel-item-content\"><a href=\"https:\/\/www.hoteleljisu.com\/wp-content\/uploads\/2025\/01\/WEB2-24.png\" target=\"_blank\" rel=\"noopener noreferrer\" data-caption=\"\"><img loading=\"lazy\" decoding=\"async\" width=\"707\" height=\"532\" src=\"https:\/\/www.hoteleljisu.com\/wp-content\/uploads\/2025\/01\/WEB2-24.png\" class=\"\" alt=\"Hotel Restaurante El Jisu Liebana Picos de Europa Bautizo Comui\u00f3n Boda Camale\u00f1o\" srcset=\"https:\/\/www.hoteleljisu.com\/wp-content\/uploads\/2025\/01\/WEB2-24.png 707w, https:\/\/www.hoteleljisu.com\/wp-content\/uploads\/2025\/01\/WEB2-24-300x226.png 300w\" sizes=\"auto, (max-width: 707px) 100vw, 707px\" \/><\/a><\/div><\/div><div class=\"su-image-carousel-item\"><div class=\"su-image-carousel-item-content\"><a href=\"https:\/\/www.hoteleljisu.com\/wp-content\/uploads\/2025\/01\/WEB2-10.png\" target=\"_blank\" rel=\"noopener noreferrer\" data-caption=\"\"><img loading=\"lazy\" decoding=\"async\" width=\"711\" height=\"532\" src=\"https:\/\/www.hoteleljisu.com\/wp-content\/uploads\/2025\/01\/WEB2-10.png\" class=\"\" alt=\"\" srcset=\"https:\/\/www.hoteleljisu.com\/wp-content\/uploads\/2025\/01\/WEB2-10.png 711w, https:\/\/www.hoteleljisu.com\/wp-content\/uploads\/2025\/01\/WEB2-10-300x224.png 300w\" sizes=\"auto, (max-width: 711px) 100vw, 711px\" \/><\/a><\/div><\/div><div class=\"su-image-carousel-item\"><div class=\"su-image-carousel-item-content\"><a href=\"https:\/\/www.hoteleljisu.com\/wp-content\/uploads\/2025\/01\/WEB2-50.png\" target=\"_blank\" rel=\"noopener noreferrer\" data-caption=\"\"><img loading=\"lazy\" decoding=\"async\" width=\"398\" height=\"532\" src=\"https:\/\/www.hoteleljisu.com\/wp-content\/uploads\/2025\/01\/WEB2-50.png\" class=\"\" alt=\"Hotel Restaurante El Jisu Liebana Picos de Europa Bautizo Comui\u00f3n Boda Camale\u00f1o\" srcset=\"https:\/\/www.hoteleljisu.com\/wp-content\/uploads\/2025\/01\/WEB2-50.png 398w, https:\/\/www.hoteleljisu.com\/wp-content\/uploads\/2025\/01\/WEB2-50-224x300.png 224w\" sizes=\"auto, (max-width: 398px) 100vw, 398px\" \/><\/a><\/div><\/div><div class=\"su-image-carousel-item\"><div class=\"su-image-carousel-item-content\"><a href=\"https:\/\/www.hoteleljisu.com\/wp-content\/uploads\/2025\/01\/WEB2-23.png\" target=\"_blank\" rel=\"noopener noreferrer\" data-caption=\"\"><img loading=\"lazy\" decoding=\"async\" width=\"400\" height=\"532\" src=\"https:\/\/www.hoteleljisu.com\/wp-content\/uploads\/2025\/01\/WEB2-23.png\" class=\"\" alt=\"Hotel Restaurante El Jisu Liebana Picos de Europa Bautizo Comui\u00f3n Boda Camale\u00f1o\" srcset=\"https:\/\/www.hoteleljisu.com\/wp-content\/uploads\/2025\/01\/WEB2-23.png 400w, https:\/\/www.hoteleljisu.com\/wp-content\/uploads\/2025\/01\/WEB2-23-226x300.png 226w\" sizes=\"auto, (max-width: 400px) 100vw, 400px\" \/><\/a><\/div><\/div><div class=\"su-image-carousel-item\"><div class=\"su-image-carousel-item-content\"><a href=\"https:\/\/www.hoteleljisu.com\/wp-content\/uploads\/2025\/01\/WEB-1-28.png\" target=\"_blank\" rel=\"noopener noreferrer\" data-caption=\"\"><img loading=\"lazy\" decoding=\"async\" width=\"768\" height=\"578\" src=\"https:\/\/www.hoteleljisu.com\/wp-content\/uploads\/2025\/01\/WEB-1-28-768x578.png\" class=\"\" alt=\"\" srcset=\"https:\/\/www.hoteleljisu.com\/wp-content\/uploads\/2025\/01\/WEB-1-28-768x578.png 768w, https:\/\/www.hoteleljisu.com\/wp-content\/uploads\/2025\/01\/WEB-1-28-300x226.png 300w, https:\/\/www.hoteleljisu.com\/wp-content\/uploads\/2025\/01\/WEB-1-28.png 1020w\" sizes=\"auto, (max-width: 768px) 100vw, 768px\" \/><\/a><\/div><\/div><div class=\"su-image-carousel-item\"><div class=\"su-image-carousel-item-content\"><a href=\"https:\/\/www.hoteleljisu.com\/wp-content\/uploads\/2025\/01\/WEB2-40.png\" target=\"_blank\" rel=\"noopener noreferrer\" data-caption=\"\"><img loading=\"lazy\" decoding=\"async\" width=\"583\" height=\"532\" src=\"https:\/\/www.hoteleljisu.com\/wp-content\/uploads\/2025\/01\/WEB2-40.png\" class=\"\" alt=\"Hotel Restaurante El Jisu Liebana Picos de Europa Bautizo Comui\u00f3n Boda Camale\u00f1o\" srcset=\"https:\/\/www.hoteleljisu.com\/wp-content\/uploads\/2025\/01\/WEB2-40.png 583w, https:\/\/www.hoteleljisu.com\/wp-content\/uploads\/2025\/01\/WEB2-40-300x274.png 300w\" sizes=\"auto, (max-width: 583px) 100vw, 583px\" \/><\/a><\/div><\/div><div class=\"su-image-carousel-item\"><div class=\"su-image-carousel-item-content\"><a href=\"https:\/\/www.hoteleljisu.com\/wp-content\/uploads\/2025\/01\/WEB2-83.png\" target=\"_blank\" rel=\"noopener noreferrer\" data-caption=\"\"><img loading=\"lazy\" decoding=\"async\" width=\"710\" height=\"532\" src=\"https:\/\/www.hoteleljisu.com\/wp-content\/uploads\/2025\/01\/WEB2-83.png\" class=\"\" alt=\"Hotel Restaurante El Jisu Liebana Picos de Europa Bautizo Comui\u00f3n Boda Camale\u00f1o\" srcset=\"https:\/\/www.hoteleljisu.com\/wp-content\/uploads\/2025\/01\/WEB2-83.png 710w, https:\/\/www.hoteleljisu.com\/wp-content\/uploads\/2025\/01\/WEB2-83-300x225.png 300w\" sizes=\"auto, (max-width: 710px) 100vw, 710px\" \/><\/a><\/div><\/div><\/div><script id=\"su_image_carousel_69f5cab09cf2f_script\">if(window.SUImageCarousel){setTimeout(function() {window.SUImageCarousel.initGallery(document.getElementById(\"su_image_carousel_69f5cab09cf2f\"))}, 0);}var su_image_carousel_69f5cab09cf2f_script=document.getElementById(\"su_image_carousel_69f5cab09cf2f_script\");if(su_image_carousel_69f5cab09cf2f_script){su_image_carousel_69f5cab09cf2f_script.parentNode.removeChild(su_image_carousel_69f5cab09cf2f_script);}<\/script>\n\n<p>\u00a0<\/p>\n<p>\u00a0<\/p>\n\n<p style=\"text-align: center;\"><span style=\"font-family: 'Lobster Two'; font-size: 27px; color: #333300;\">Como Men\u00fa T\u00edpico para grupos ofrecemos el Cocido Lebaniego (Sopa y Compango)<\/span><\/p>\n<p style=\"text-align: center;\"><span style=\"font-family: 'Lobster Two'; font-size: 27px; color: #333300;\">y de postre, Canonigo casero que es un souffl\u00e9 de merengue con natillas de huevo.<\/span><\/p>\n<p>\u00a0<\/p>\n<div class=\"su-custom-gallery su-custom-gallery-align-center su-custom-gallery-title-hover\"><div class=\"su-custom-gallery-slide\" style=\"width:320px;height:240px\"><a href=\"https:\/\/www.hoteleljisu.com\/wp-content\/uploads\/2025\/01\/2024-08-15.jpg\" target=\"_blank\" title=\"2024-08-15\"><img loading=\"lazy\" decoding=\"async\" src=\"https:\/\/www.hoteleljisu.com\/wp-content\/uploads\/2025\/01\/2024-08-15-320x240.jpg\" alt=\"2024-08-15\" width=\"320\" height=\"240\" \/><span class=\"su-custom-gallery-title\">2024-08-15<\/span><\/a><\/div><div class=\"su-clear\"><\/div><\/div>\n<p>\u00a0<\/p>\n<p style=\"text-align: center;\"><span style=\"font-family: 'Lobster Two'; font-size: 27px; color: #333300;\">\u00a0 Para eventos m\u00e1s grandes, se puede alquilar entera para instalar una o varias carpas para albergar eventos de hasta 250 personas en varias zonas de la finca.<\/span><\/p>\n<p>\u00a0<\/p>\n<p style=\"text-align: center;\"><span style=\"font-family: 'Lobster Two'; font-size: 27px; color: #333300;\">Nosotros podemos asesorar a nuestros cliente en todo lo necesario para que su evento sea inolvidable.<\/span><\/p>\n<p style=\"text-align: center;\">\u00a0<\/p>\n<p>\u00a0<\/p>\n<div class=\"su-image-carousel  su-image-carousel-columns-4 su-image-carousel-crop su-image-carousel-crop-16-9 su-image-carousel-has-outline su-image-carousel-adaptive su-image-carousel-slides-style-default su-image-carousel-controls-style-dark su-image-carousel-align-center\" style=\"max-width:900px\" data-flickity-options='{\"groupCells\":true,\"cellSelector\":\".su-image-carousel-item\",\"adaptiveHeight\":false,\"cellAlign\":\"left\",\"prevNextButtons\":true,\"pageDots\":true,\"autoPlay\":4000,\"imagesLoaded\":true,\"contain\":true,\"selectedAttraction\":0.007,\"friction\":0.25}' id=\"su_image_carousel_69f5cab09f3cb\"><div class=\"su-image-carousel-item\"><div class=\"su-image-carousel-item-content\"><a href=\"https:\/\/www.hoteleljisu.com\/wp-content\/uploads\/2025\/01\/WEB2-89.png\" target=\"_blank\" rel=\"noopener noreferrer\" data-caption=\"\"><img loading=\"lazy\" decoding=\"async\" width=\"768\" height=\"432\" src=\"https:\/\/www.hoteleljisu.com\/wp-content\/uploads\/2025\/01\/WEB2-89-768x432.png\" class=\"\" alt=\"Hotel Restaurante El Jisu Liebana Picos de Europa Bautizo Comui\u00f3n Boda Camale\u00f1o\" srcset=\"https:\/\/www.hoteleljisu.com\/wp-content\/uploads\/2025\/01\/WEB2-89-768x432.png 768w, https:\/\/www.hoteleljisu.com\/wp-content\/uploads\/2025\/01\/WEB2-89-300x169.png 300w, https:\/\/www.hoteleljisu.com\/wp-content\/uploads\/2025\/01\/WEB2-89.png 800w\" sizes=\"auto, (max-width: 768px) 100vw, 768px\" \/><\/a><\/div><\/div><div class=\"su-image-carousel-item\"><div class=\"su-image-carousel-item-content\"><a href=\"https:\/\/www.hoteleljisu.com\/wp-content\/uploads\/2025\/01\/WEB2-90.png\" target=\"_blank\" rel=\"noopener noreferrer\" data-caption=\"\"><img loading=\"lazy\" decoding=\"async\" width=\"707\" height=\"532\" src=\"https:\/\/www.hoteleljisu.com\/wp-content\/uploads\/2025\/01\/WEB2-90.png\" class=\"\" alt=\"Hotel Restaurante El Jisu Liebana Picos de Europa Bautizo Comui\u00f3n Boda Camale\u00f1o\" srcset=\"https:\/\/www.hoteleljisu.com\/wp-content\/uploads\/2025\/01\/WEB2-90.png 707w, https:\/\/www.hoteleljisu.com\/wp-content\/uploads\/2025\/01\/WEB2-90-300x226.png 300w\" sizes=\"auto, (max-width: 707px) 100vw, 707px\" \/><\/a><\/div><\/div><div class=\"su-image-carousel-item\"><div class=\"su-image-carousel-item-content\"><a href=\"https:\/\/www.hoteleljisu.com\/wp-content\/uploads\/2025\/01\/WEB2-28.png\" target=\"_blank\" rel=\"noopener noreferrer\" data-caption=\"\"><img loading=\"lazy\" decoding=\"async\" width=\"707\" height=\"532\" src=\"https:\/\/www.hoteleljisu.com\/wp-content\/uploads\/2025\/01\/WEB2-28.png\" class=\"\" alt=\"Hotel Restaurante El Jisu Liebana Picos de Europa Bautizo Comui\u00f3n Boda Camale\u00f1o Boda El Jisu Liebana Picos de Europa\" srcset=\"https:\/\/www.hoteleljisu.com\/wp-content\/uploads\/2025\/01\/WEB2-28.png 707w, https:\/\/www.hoteleljisu.com\/wp-content\/uploads\/2025\/01\/WEB2-28-300x226.png 300w\" sizes=\"auto, (max-width: 707px) 100vw, 707px\" \/><\/a><\/div><\/div><div class=\"su-image-carousel-item\"><div class=\"su-image-carousel-item-content\"><a href=\"https:\/\/www.hoteleljisu.com\/wp-content\/uploads\/2025\/01\/WEB2-38.png\" target=\"_blank\" rel=\"noopener noreferrer\" data-caption=\"\"><img loading=\"lazy\" decoding=\"async\" width=\"532\" height=\"532\" src=\"https:\/\/www.hoteleljisu.com\/wp-content\/uploads\/2025\/01\/WEB2-38.png\" class=\"\" alt=\"Hotel Restaurante El Jisu Liebana Picos de Europa Bautizo Comui\u00f3n Boda Camale\u00f1o\" srcset=\"https:\/\/www.hoteleljisu.com\/wp-content\/uploads\/2025\/01\/WEB2-38.png 532w, https:\/\/www.hoteleljisu.com\/wp-content\/uploads\/2025\/01\/WEB2-38-300x300.png 300w, https:\/\/www.hoteleljisu.com\/wp-content\/uploads\/2025\/01\/WEB2-38-150x150.png 150w\" sizes=\"auto, (max-width: 532px) 100vw, 532px\" \/><\/a><\/div><\/div><div class=\"su-image-carousel-item\"><div class=\"su-image-carousel-item-content\"><a href=\"https:\/\/www.hoteleljisu.com\/wp-content\/uploads\/2025\/01\/WEB2-21.png\" target=\"_blank\" rel=\"noopener noreferrer\" data-caption=\"\"><img loading=\"lazy\" decoding=\"async\" width=\"707\" height=\"532\" src=\"https:\/\/www.hoteleljisu.com\/wp-content\/uploads\/2025\/01\/WEB2-21.png\" class=\"\" alt=\"Hotel Restaurante El Jisu Liebana Picos de Europa Bautizo Comui\u00f3n Boda Camale\u00f1o\" srcset=\"https:\/\/www.hoteleljisu.com\/wp-content\/uploads\/2025\/01\/WEB2-21.png 707w, https:\/\/www.hoteleljisu.com\/wp-content\/uploads\/2025\/01\/WEB2-21-300x226.png 300w\" sizes=\"auto, (max-width: 707px) 100vw, 707px\" \/><\/a><\/div><\/div><div class=\"su-image-carousel-item\"><div class=\"su-image-carousel-item-content\"><a href=\"https:\/\/www.hoteleljisu.com\/wp-content\/uploads\/2025\/01\/WEB2-91.png\" target=\"_blank\" rel=\"noopener noreferrer\" data-caption=\"\"><img loading=\"lazy\" decoding=\"async\" width=\"707\" height=\"532\" src=\"https:\/\/www.hoteleljisu.com\/wp-content\/uploads\/2025\/01\/WEB2-91.png\" class=\"\" alt=\"Hotel Restaurante El Jisu Liebana Picos de Europa Bautizo Comui\u00f3n Boda Camale\u00f1o\" srcset=\"https:\/\/www.hoteleljisu.com\/wp-content\/uploads\/2025\/01\/WEB2-91.png 707w, https:\/\/www.hoteleljisu.com\/wp-content\/uploads\/2025\/01\/WEB2-91-300x226.png 300w\" sizes=\"auto, (max-width: 707px) 100vw, 707px\" \/><\/a><\/div><\/div><div class=\"su-image-carousel-item\"><div class=\"su-image-carousel-item-content\"><a href=\"https:\/\/www.hoteleljisu.com\/wp-content\/uploads\/2025\/01\/WEB2-86.png\" target=\"_blank\" rel=\"noopener noreferrer\" data-caption=\"\"><img loading=\"lazy\" decoding=\"async\" width=\"710\" height=\"532\" src=\"https:\/\/www.hoteleljisu.com\/wp-content\/uploads\/2025\/01\/WEB2-86.png\" class=\"\" alt=\"Hotel Restaurante El Jisu Liebana Picos de Europa Bautizo Comui\u00f3n Boda Camale\u00f1o\" srcset=\"https:\/\/www.hoteleljisu.com\/wp-content\/uploads\/2025\/01\/WEB2-86.png 710w, https:\/\/www.hoteleljisu.com\/wp-content\/uploads\/2025\/01\/WEB2-86-300x225.png 300w\" sizes=\"auto, (max-width: 710px) 100vw, 710px\" \/><\/a><\/div><\/div><div class=\"su-image-carousel-item\"><div class=\"su-image-carousel-item-content\"><a href=\"https:\/\/www.hoteleljisu.com\/wp-content\/uploads\/2025\/01\/WEB2-33.png\" target=\"_blank\" rel=\"noopener noreferrer\" data-caption=\"\"><img loading=\"lazy\" decoding=\"async\" width=\"710\" height=\"532\" src=\"https:\/\/www.hoteleljisu.com\/wp-content\/uploads\/2025\/01\/WEB2-33.png\" class=\"\" alt=\"Hotel Restaurante El Jisu Liebana Picos de Europa Bautizo Comui\u00f3n Boda Camale\u00f1o\" srcset=\"https:\/\/www.hoteleljisu.com\/wp-content\/uploads\/2025\/01\/WEB2-33.png 710w, https:\/\/www.hoteleljisu.com\/wp-content\/uploads\/2025\/01\/WEB2-33-300x225.png 300w\" sizes=\"auto, (max-width: 710px) 100vw, 710px\" \/><\/a><\/div><\/div><div class=\"su-image-carousel-item\"><div class=\"su-image-carousel-item-content\"><a href=\"https:\/\/www.hoteleljisu.com\/wp-content\/uploads\/2025\/01\/WEB2-14.png\" target=\"_blank\" rel=\"noopener noreferrer\" data-caption=\"\"><img loading=\"lazy\" decoding=\"async\" width=\"711\" height=\"532\" src=\"https:\/\/www.hoteleljisu.com\/wp-content\/uploads\/2025\/01\/WEB2-14.png\" class=\"\" alt=\"\" srcset=\"https:\/\/www.hoteleljisu.com\/wp-content\/uploads\/2025\/01\/WEB2-14.png 711w, https:\/\/www.hoteleljisu.com\/wp-content\/uploads\/2025\/01\/WEB2-14-300x224.png 300w\" sizes=\"auto, (max-width: 711px) 100vw, 711px\" \/><\/a><\/div><\/div><div class=\"su-image-carousel-item\"><div class=\"su-image-carousel-item-content\"><a href=\"https:\/\/www.hoteleljisu.com\/wp-content\/uploads\/2025\/01\/WEB2-63.png\" target=\"_blank\" rel=\"noopener noreferrer\" data-caption=\"\"><img loading=\"lazy\" decoding=\"async\" width=\"707\" height=\"532\" src=\"https:\/\/www.hoteleljisu.com\/wp-content\/uploads\/2025\/01\/WEB2-63.png\" class=\"\" alt=\"Hotel Restaurante El Jisu Liebana Picos de Europa Bautizo Comui\u00f3n Boda Camale\u00f1o\" srcset=\"https:\/\/www.hoteleljisu.com\/wp-content\/uploads\/2025\/01\/WEB2-63.png 707w, https:\/\/www.hoteleljisu.com\/wp-content\/uploads\/2025\/01\/WEB2-63-300x226.png 300w\" sizes=\"auto, (max-width: 707px) 100vw, 707px\" \/><\/a><\/div><\/div><div class=\"su-image-carousel-item\"><div class=\"su-image-carousel-item-content\"><a href=\"https:\/\/www.hoteleljisu.com\/wp-content\/uploads\/2025\/01\/WEB2-31.png\" target=\"_blank\" rel=\"noopener noreferrer\" data-caption=\"\"><img loading=\"lazy\" decoding=\"async\" width=\"707\" height=\"532\" src=\"https:\/\/www.hoteleljisu.com\/wp-content\/uploads\/2025\/01\/WEB2-31.png\" class=\"\" alt=\"Hotel Restaurante El Jisu Liebana Picos de Europa Bautizo Comui\u00f3n Boda Camale\u00f1o\" srcset=\"https:\/\/www.hoteleljisu.com\/wp-content\/uploads\/2025\/01\/WEB2-31.png 707w, https:\/\/www.hoteleljisu.com\/wp-content\/uploads\/2025\/01\/WEB2-31-300x226.png 300w\" sizes=\"auto, (max-width: 707px) 100vw, 707px\" \/><\/a><\/div><\/div><div class=\"su-image-carousel-item\"><div class=\"su-image-carousel-item-content\"><a href=\"https:\/\/www.hoteleljisu.com\/wp-content\/uploads\/2025\/01\/WEB2-34.png\" target=\"_blank\" rel=\"noopener noreferrer\" data-caption=\"\"><img loading=\"lazy\" decoding=\"async\" width=\"707\" height=\"532\" src=\"https:\/\/www.hoteleljisu.com\/wp-content\/uploads\/2025\/01\/WEB2-34.png\" class=\"\" alt=\"Hotel Restaurante El Jisu Liebana Picos de Europa Bautizo Comui\u00f3n Boda Camale\u00f1o\" srcset=\"https:\/\/www.hoteleljisu.com\/wp-content\/uploads\/2025\/01\/WEB2-34.png 707w, https:\/\/www.hoteleljisu.com\/wp-content\/uploads\/2025\/01\/WEB2-34-300x226.png 300w\" sizes=\"auto, (max-width: 707px) 100vw, 707px\" \/><\/a><\/div><\/div><\/div><script id=\"su_image_carousel_69f5cab09f3cb_script\">if(window.SUImageCarousel){setTimeout(function() {window.SUImageCarousel.initGallery(document.getElementById(\"su_image_carousel_69f5cab09f3cb\"))}, 0);}var su_image_carousel_69f5cab09f3cb_script=document.getElementById(\"su_image_carousel_69f5cab09f3cb_script\");if(su_image_carousel_69f5cab09f3cb_script){su_image_carousel_69f5cab09f3cb_script.parentNode.removeChild(su_image_carousel_69f5cab09f3cb_script);}<\/script>\n<p>\u00a0<\/p>\n\n<p style=\"text-align: center;\"><span style=\"font-family: 'Lobster Two'; font-size: 27px; color: #333300;\">Ponte en contacto con nosotros, cu\u00e9ntanos tus ideas y te informaremos sobre las condiciones de alquiler y sobre todas las opciones posibles para que tu evento sea inolvidable!<\/span><\/p>\n<p>\u00a0<\/p>\n<p>\u00a0<\/p>\n\n\n<figure class=\"wp-block-image alignwide size-full\"><img loading=\"lazy\" decoding=\"async\" width=\"800\" height=\"241\" src=\"https:\/\/www.hoteleljisu.com\/wp-content\/uploads\/2025\/01\/WEB2-62.png\" alt=\"\" class=\"wp-image-1869\" srcset=\"https:\/\/www.hoteleljisu.com\/wp-content\/uploads\/2025\/01\/WEB2-62.png 800w, https:\/\/www.hoteleljisu.com\/wp-content\/uploads\/2025\/01\/WEB2-62-300x90.png 300w, https:\/\/www.hoteleljisu.com\/wp-content\/uploads\/2025\/01\/WEB2-62-768x231.png 768w\" sizes=\"auto, (max-width: 800px) 100vw, 800px\" \/><\/figure>\n","protected":false},"excerpt":{"rendered":"<p>En nuestra finca ofrecemos la posibilidad de organizar eventos de cualquier tama\u00f1o, ya sean de reuniones de trabajo o cualquier tipo de celebraci\u00f3n religiosa o informal con familiares y\/o amigos. \u00a0 Como restaurante, podemos preparar men\u00fas especiales en funci\u00f3n de los gustos y preferencias gastron\u00f3micas de nuestros clientes para grupos de m\u00e1ximo 45 personas, ya [&hellip;]<\/p>\n","protected":false},"author":1,"featured_media":0,"parent":0,"menu_order":3,"comment_status":"closed","ping_status":"closed","template":"","meta":{"footnotes":""},"class_list":["post-95","page","type-page","status-publish","hentry"],"yoast_head":"<!-- This site is optimized with the Yoast SEO plugin v26.8 - https:\/\/yoast.com\/product\/yoast-seo-wordpress\/ -->\n<title>Eventos y Celebraciones ~ Hotel Rte. EL Jisu Web Oficial\u00ae<\/title>\n<meta name=\"robots\" content=\"index, follow, max-snippet:-1, max-image-preview:large, max-video-preview:-1\" \/>\n<link rel=\"canonical\" href=\"https:\/\/www.hoteleljisu.com\/index.php\/eventos-2\/\" \/>\n<meta property=\"og:locale\" content=\"es_ES\" \/>\n<meta property=\"og:type\" content=\"article\" \/>\n<meta property=\"og:title\" content=\"Eventos y Celebraciones ~ Hotel Rte. EL Jisu Web Oficial\u00ae\" \/>\n<meta property=\"og:description\" content=\"En nuestra finca ofrecemos la posibilidad de organizar eventos de cualquier tama\u00f1o, ya sean de reuniones de trabajo o cualquier tipo de celebraci\u00f3n religiosa o informal con familiares y\/o amigos. \u00a0 Como restaurante, podemos preparar men\u00fas especiales en funci\u00f3n de los gustos y preferencias gastron\u00f3micas de nuestros clientes para grupos de m\u00e1ximo 45 personas, ya [&hellip;]\" \/>\n<meta property=\"og:url\" content=\"https:\/\/www.hoteleljisu.com\/index.php\/eventos-2\/\" \/>\n<meta property=\"og:site_name\" content=\"Hotel Rte. EL Jisu Web Oficial\u00ae\" \/>\n<meta property=\"article:publisher\" content=\"https:\/\/www.facebook.com\/hreljisu\/\" \/>\n<meta property=\"article:modified_time\" content=\"2026-04-27T10:25:33+00:00\" \/>\n<meta property=\"og:image\" content=\"https:\/\/www.hoteleljisu.com\/wp-content\/uploads\/2025\/01\/WEB2-62.png\" \/>\n<meta name=\"twitter:card\" content=\"summary_large_image\" \/>\n<meta name=\"twitter:label1\" content=\"Tiempo de lectura\" \/>\n\t<meta name=\"twitter:data1\" content=\"2 minutos\" \/>\n<script type=\"application\/ld+json\" class=\"yoast-schema-graph\">{\"@context\":\"https:\/\/schema.org\",\"@graph\":[{\"@type\":\"WebPage\",\"@id\":\"https:\/\/www.hoteleljisu.com\/index.php\/eventos-2\/\",\"url\":\"https:\/\/www.hoteleljisu.com\/index.php\/eventos-2\/\",\"name\":\"Eventos y Celebraciones ~ Hotel Rte. EL Jisu Web Oficial\u00ae\",\"isPartOf\":{\"@id\":\"https:\/\/www.hoteleljisu.com\/#website\"},\"primaryImageOfPage\":{\"@id\":\"https:\/\/www.hoteleljisu.com\/index.php\/eventos-2\/#primaryimage\"},\"image\":{\"@id\":\"https:\/\/www.hoteleljisu.com\/index.php\/eventos-2\/#primaryimage\"},\"thumbnailUrl\":\"https:\/\/www.hoteleljisu.com\/wp-content\/uploads\/2025\/01\/WEB2-62.png\",\"datePublished\":\"2016-12-08T08:30:27+00:00\",\"dateModified\":\"2026-04-27T10:25:33+00:00\",\"breadcrumb\":{\"@id\":\"https:\/\/www.hoteleljisu.com\/index.php\/eventos-2\/#breadcrumb\"},\"inLanguage\":\"es\",\"potentialAction\":[{\"@type\":\"ReadAction\",\"target\":[\"https:\/\/www.hoteleljisu.com\/index.php\/eventos-2\/\"]}]},{\"@type\":\"ImageObject\",\"inLanguage\":\"es\",\"@id\":\"https:\/\/www.hoteleljisu.com\/index.php\/eventos-2\/#primaryimage\",\"url\":\"https:\/\/www.hoteleljisu.com\/wp-content\/uploads\/2025\/01\/WEB2-62.png\",\"contentUrl\":\"https:\/\/www.hoteleljisu.com\/wp-content\/uploads\/2025\/01\/WEB2-62.png\",\"width\":800,\"height\":241,\"caption\":\"Hotel Restaurante El Jisu Liebana Picos de Europa Bautizo Comui\u00f3n Boda Camale\u00f1o\"},{\"@type\":\"BreadcrumbList\",\"@id\":\"https:\/\/www.hoteleljisu.com\/index.php\/eventos-2\/#breadcrumb\",\"itemListElement\":[{\"@type\":\"ListItem\",\"position\":1,\"name\":\"Portada\",\"item\":\"https:\/\/www.hoteleljisu.com\/\"},{\"@type\":\"ListItem\",\"position\":2,\"name\":\"Eventos y Celebraciones\"}]},{\"@type\":\"WebSite\",\"@id\":\"https:\/\/www.hoteleljisu.com\/#website\",\"url\":\"https:\/\/www.hoteleljisu.com\/\",\"name\":\"Hotel Rte. EL Jisu Web Oficial\u00ae\",\"description\":\"Liebana  - Picos de Europa\",\"publisher\":{\"@id\":\"https:\/\/www.hoteleljisu.com\/#organization\"},\"potentialAction\":[{\"@type\":\"SearchAction\",\"target\":{\"@type\":\"EntryPoint\",\"urlTemplate\":\"https:\/\/www.hoteleljisu.com\/?s={search_term_string}\"},\"query-input\":{\"@type\":\"PropertyValueSpecification\",\"valueRequired\":true,\"valueName\":\"search_term_string\"}}],\"inLanguage\":\"es\"},{\"@type\":\"Organization\",\"@id\":\"https:\/\/www.hoteleljisu.com\/#organization\",\"name\":\"Hotel Rte. El Jisu\",\"url\":\"https:\/\/www.hoteleljisu.com\/\",\"logo\":{\"@type\":\"ImageObject\",\"inLanguage\":\"es\",\"@id\":\"https:\/\/www.hoteleljisu.com\/#\/schema\/logo\/image\/\",\"url\":\"\",\"contentUrl\":\"\",\"caption\":\"Hotel Rte. El Jisu\"},\"image\":{\"@id\":\"https:\/\/www.hoteleljisu.com\/#\/schema\/logo\/image\/\"},\"sameAs\":[\"https:\/\/www.facebook.com\/hreljisu\/\",\"https:\/\/www.instagram.com\/hreljisu\/\"]}]}<\/script>\n<!-- \/ Yoast SEO plugin. -->","yoast_head_json":{"title":"Eventos y Celebraciones ~ Hotel Rte. EL Jisu Web Oficial\u00ae","robots":{"index":"index","follow":"follow","max-snippet":"max-snippet:-1","max-image-preview":"max-image-preview:large","max-video-preview":"max-video-preview:-1"},"canonical":"https:\/\/www.hoteleljisu.com\/index.php\/eventos-2\/","og_locale":"es_ES","og_type":"article","og_title":"Eventos y Celebraciones ~ Hotel Rte. EL Jisu Web Oficial\u00ae","og_description":"En nuestra finca ofrecemos la posibilidad de organizar eventos de cualquier tama\u00f1o, ya sean de reuniones de trabajo o cualquier tipo de celebraci\u00f3n religiosa o informal con familiares y\/o amigos. \u00a0 Como restaurante, podemos preparar men\u00fas especiales en funci\u00f3n de los gustos y preferencias gastron\u00f3micas de nuestros clientes para grupos de m\u00e1ximo 45 personas, ya [&hellip;]","og_url":"https:\/\/www.hoteleljisu.com\/index.php\/eventos-2\/","og_site_name":"Hotel Rte. EL Jisu Web Oficial\u00ae","article_publisher":"https:\/\/www.facebook.com\/hreljisu\/","article_modified_time":"2026-04-27T10:25:33+00:00","og_image":[{"url":"https:\/\/www.hoteleljisu.com\/wp-content\/uploads\/2025\/01\/WEB2-62.png","type":"","width":"","height":""}],"twitter_card":"summary_large_image","twitter_misc":{"Tiempo de lectura":"2 minutos"},"schema":{"@context":"https:\/\/schema.org","@graph":[{"@type":"WebPage","@id":"https:\/\/www.hoteleljisu.com\/index.php\/eventos-2\/","url":"https:\/\/www.hoteleljisu.com\/index.php\/eventos-2\/","name":"Eventos y Celebraciones ~ Hotel Rte. EL Jisu Web Oficial\u00ae","isPartOf":{"@id":"https:\/\/www.hoteleljisu.com\/#website"},"primaryImageOfPage":{"@id":"https:\/\/www.hoteleljisu.com\/index.php\/eventos-2\/#primaryimage"},"image":{"@id":"https:\/\/www.hoteleljisu.com\/index.php\/eventos-2\/#primaryimage"},"thumbnailUrl":"https:\/\/www.hoteleljisu.com\/wp-content\/uploads\/2025\/01\/WEB2-62.png","datePublished":"2016-12-08T08:30:27+00:00","dateModified":"2026-04-27T10:25:33+00:00","breadcrumb":{"@id":"https:\/\/www.hoteleljisu.com\/index.php\/eventos-2\/#breadcrumb"},"inLanguage":"es","potentialAction":[{"@type":"ReadAction","target":["https:\/\/www.hoteleljisu.com\/index.php\/eventos-2\/"]}]},{"@type":"ImageObject","inLanguage":"es","@id":"https:\/\/www.hoteleljisu.com\/index.php\/eventos-2\/#primaryimage","url":"https:\/\/www.hoteleljisu.com\/wp-content\/uploads\/2025\/01\/WEB2-62.png","contentUrl":"https:\/\/www.hoteleljisu.com\/wp-content\/uploads\/2025\/01\/WEB2-62.png","width":800,"height":241,"caption":"Hotel Restaurante El Jisu Liebana Picos de Europa Bautizo Comui\u00f3n Boda Camale\u00f1o"},{"@type":"BreadcrumbList","@id":"https:\/\/www.hoteleljisu.com\/index.php\/eventos-2\/#breadcrumb","itemListElement":[{"@type":"ListItem","position":1,"name":"Portada","item":"https:\/\/www.hoteleljisu.com\/"},{"@type":"ListItem","position":2,"name":"Eventos y Celebraciones"}]},{"@type":"WebSite","@id":"https:\/\/www.hoteleljisu.com\/#website","url":"https:\/\/www.hoteleljisu.com\/","name":"Hotel Rte. EL Jisu Web Oficial\u00ae","description":"Liebana  - Picos de Europa","publisher":{"@id":"https:\/\/www.hoteleljisu.com\/#organization"},"potentialAction":[{"@type":"SearchAction","target":{"@type":"EntryPoint","urlTemplate":"https:\/\/www.hoteleljisu.com\/?s={search_term_string}"},"query-input":{"@type":"PropertyValueSpecification","valueRequired":true,"valueName":"search_term_string"}}],"inLanguage":"es"},{"@type":"Organization","@id":"https:\/\/www.hoteleljisu.com\/#organization","name":"Hotel Rte. El Jisu","url":"https:\/\/www.hoteleljisu.com\/","logo":{"@type":"ImageObject","inLanguage":"es","@id":"https:\/\/www.hoteleljisu.com\/#\/schema\/logo\/image\/","url":"","contentUrl":"","caption":"Hotel Rte. El Jisu"},"image":{"@id":"https:\/\/www.hoteleljisu.com\/#\/schema\/logo\/image\/"},"sameAs":["https:\/\/www.facebook.com\/hreljisu\/","https:\/\/www.instagram.com\/hreljisu\/"]}]}},"_links":{"self":[{"href":"https:\/\/www.hoteleljisu.com\/index.php\/wp-json\/wp\/v2\/pages\/95","targetHints":{"allow":["GET"]}}],"collection":[{"href":"https:\/\/www.hoteleljisu.com\/index.php\/wp-json\/wp\/v2\/pages"}],"about":[{"href":"https:\/\/www.hoteleljisu.com\/index.php\/wp-json\/wp\/v2\/types\/page"}],"author":[{"embeddable":true,"href":"https:\/\/www.hoteleljisu.com\/index.php\/wp-json\/wp\/v2\/users\/1"}],"replies":[{"embeddable":true,"href":"https:\/\/www.hoteleljisu.com\/index.php\/wp-json\/wp\/v2\/comments?post=95"}],"version-history":[{"count":33,"href":"https:\/\/www.hoteleljisu.com\/index.php\/wp-json\/wp\/v2\/pages\/95\/revisions"}],"predecessor-version":[{"id":2301,"href":"https:\/\/www.hoteleljisu.com\/index.php\/wp-json\/wp\/v2\/pages\/95\/revisions\/2301"}],"wp:attachment":[{"href":"https:\/\/www.hoteleljisu.com\/index.php\/wp-json\/wp\/v2\/media?parent=95"}],"curies":[{"name":"wp","href":"https:\/\/api.w.org\/{rel}","templated":true}]}}